{"id":3248,"date":"2019-07-26T02:42:16","date_gmt":"2019-07-26T02:42:16","guid":{"rendered":"https:\/\/virgiliogalvis.com\/?page_id=3248"},"modified":"2019-07-26T02:42:16","modified_gmt":"2019-07-26T02:42:16","slug":"galeria","status":"publish","type":"page","link":"https:\/\/virgiliogalvis.com\/en\/galeria\/","title":{"rendered":"Gallery"},"content":{"rendered":"<p>[vc_row equal_height=&#8221;yes&#8221; content_placement=&#8221;middle&#8221; iw_layout=&#8221;boxed&#8221; css=&#8221;.vc_custom_1564301358275{border-top-width: 2px !important;border-bottom-width: 2px !important;padding-top: 20px !important;padding-bottom: 20px !important;border-top-color: #828282 !important;border-top-style: solid !important;border-bottom-color: #828282 !important;border-bottom-style: solid !important;}&#8221;][vc_column width=&#8221;1\/6&#8243; css=&#8221;.vc_custom_1564301270343{border-right-width: 2px !important;border-right-color: #828282 !important;border-right-style: solid !important;}&#8221;][vc_column_text el_class=&#8221;dg-txt-gal-f&#8221;]<\/p>\n<h1 style=\"text-align: center;\"><span style=\"color: #00375f;\"><strong>01<\/strong><\/span><\/h1>\n<p style=\"text-align: center;\"><span style=\"color: #00375f;\"><strong>Oct<\/strong><\/span><\/p>\n<p>[\/vc_column_text][\/vc_column][vc_column width=&#8221;2\/3&#8243;][vc_row_inner equal_height=&#8221;yes&#8221; content_placement=&#8221;middle&#8221;][vc_column_inner width=&#8221;1\/2&#8243;][inwave_heading preview_style_1=&#8221;&#8221; title=&#8221;{Inauguraci\u00f3n Unidad Movil Oftalmol\u00f3gica &#8211; UMO 2021}&#8221; align=&#8221;center&#8221;][vc_column_text]Con el apoyo de laboratorios Topcon, laboratorios oftalmicos y FOSCAL renace la nueva unidad m\u00f3vil oftalmologica UMO para visitar los diferentes municipios de Santander, apoyado con una optometra, auxiliar de enfermeria, asesor comercial y conductor, con el apoyo de Vioptica y el Centro Oftalmol\u00f3gico Virgilio Galvis.[\/vc_column_text][\/vc_column_inner][vc_column_inner width=&#8221;1\/2&#8243;][vc_single_image image=&#8221;6726&#8243; img_size=&#8221;medium&#8221; alignment=&#8221;center&#8221;][\/vc_column_inner][vc_column_inner][\/vc_column_inner][\/vc_row_inner][\/vc_column][vc_column width=&#8221;1\/6&#8243; css=&#8221;.vc_custom_1564301345960{border-left-width: 2px !important;border-left-color: #828282 !important;border-left-style: solid !important;}&#8221;][vc_btn title=&#8221;M\u00c1S INFORMACI\u00d3N&#8221; align=&#8221;center&#8221; link=&#8221;url:https%3A%2F%2Fvirgiliogalvis.com%2Fumo-unidad-movil%2F|title:Unidad%20M%C3%B3vil%20Oftalmol%C3%B3gica||&#8221;][\/vc_column][\/vc_row][vc_row equal_height=&#8221;yes&#8221; content_placement=&#8221;middle&#8221; iw_layout=&#8221;boxed&#8221; css=&#8221;.vc_custom_1564301358275{border-top-width: 2px !important;border-bottom-width: 2px !important;padding-top: 20px !important;padding-bottom: 20px !important;border-top-color: #828282 !important;border-top-style: solid !important;border-bottom-color: #828282 !important;border-bottom-style: solid !important;}&#8221;][vc_column width=&#8221;1\/6&#8243; css=&#8221;.vc_custom_1564301270343{border-right-width: 2px !important;border-right-color: #828282 !important;border-right-style: solid !important;}&#8221;][vc_column_text el_class=&#8221;dg-txt-gal-f&#8221;]<\/p>\n<h1 style=\"text-align: center;\"><span style=\"color: #00375f;\"><strong>31<\/strong><\/span><\/h1>\n<p style=\"text-align: center;\"><span style=\"color: #00375f;\"><strong>Ene<\/strong><\/span><\/p>\n<p>[\/vc_column_text][\/vc_column][vc_column width=&#8221;2\/3&#8243;][vc_row_inner equal_height=&#8221;yes&#8221; content_placement=&#8221;middle&#8221;][vc_column_inner width=&#8221;1\/2&#8243;][inwave_heading preview_style_1=&#8221;&#8221; title=&#8221;{Curso Internacional de Oftalmolog\u00eda 2020}&#8221; align=&#8221;center&#8221;][vc_column_text]Con la participaci\u00f3n de m\u00e1s de 129 profesionales de la salud entre m\u00e9dicos, oftamologos y residentes de Argentina, Costa Rica, Cuba, Rep\u00fablica Dominicana, Ecuador, Mexico, Panama, Paraguay, Peru y Venezuela se lleva a cabo el XIV Curso Internacional de Oftalmolog\u00eda FOSCAL 2020.[\/vc_column_text][\/vc_column_inner][vc_column_inner width=&#8221;1\/2&#8243;][vc_single_image image=&#8221;5553&#8243; img_size=&#8221;medium&#8221; alignment=&#8221;center&#8221;][\/vc_column_inner][vc_column_inner][\/vc_column_inner][\/vc_row_inner][\/vc_column][vc_column width=&#8221;1\/6&#8243; css=&#8221;.vc_custom_1564301345960{border-left-width: 2px !important;border-left-color: #828282 !important;border-left-style: solid !important;}&#8221;][vc_btn title=&#8221;M\u00c1S INFORMACI\u00d3N&#8221; align=&#8221;center&#8221; link=&#8221;url:https%3A%2F%2Fvirgiliogalvis.com%2Fgaleria%2Fgaleria-curso-internacional-oftalmologia-2020%2F|title:Galer%C3%ADa%20%E2%80%93%20Curso%20Internacional%20Oftalmologia%202020||&#8221;][\/vc_column][\/vc_row][vc_row equal_height=&#8221;yes&#8221; content_placement=&#8221;middle&#8221; iw_layout=&#8221;boxed&#8221; css=&#8221;.vc_custom_1564301358275{border-top-width: 2px !important;border-bottom-width: 2px !important;padding-top: 20px !important;padding-bottom: 20px !important;border-top-color: #828282 !important;border-top-style: solid !important;border-bottom-color: #828282 !important;border-bottom-style: solid !important;}&#8221;][vc_column width=&#8221;1\/6&#8243; css=&#8221;.vc_custom_1564301270343{border-right-width: 2px !important;border-right-color: #828282 !important;border-right-style: solid !important;}&#8221;][vc_column_text el_class=&#8221;dg-txt-gal-f&#8221;]<\/p>\n<h1 style=\"text-align: center;\"><span style=\"color: #00375f;\"><strong>13<\/strong><\/span><\/h1>\n<p style=\"text-align: center;\"><span style=\"color: #00375f;\"><strong>Dic<\/strong><\/span><\/p>\n<p>[\/vc_column_text][\/vc_column][vc_column width=&#8221;2\/3&#8243;][vc_row_inner equal_height=&#8221;yes&#8221; content_placement=&#8221;middle&#8221;][vc_column_inner width=&#8221;1\/2&#8243;][inwave_heading preview_style_1=&#8221;&#8221; title=&#8221;{Celebracion Fin de A\u00f1o 2019}&#8221;][vc_column_text]El evento cont\u00f3 con la participaci\u00f3n de todas las sedes en una noche magica bajo la tematica la feria de pueblo, bingo bailable, premios y actos principales con la compa\u00f1ia de toda la familia Virgilio Galvis. \u00a1Gracias por su participaci\u00f3n![\/vc_column_text][\/vc_column_inner][vc_column_inner width=&#8221;1\/2&#8243;][vc_single_image image=&#8221;4856&#8243; img_size=&#8221;medium&#8221; alignment=&#8221;center&#8221;][\/vc_column_inner][vc_column_inner][\/vc_column_inner][\/vc_row_inner][\/vc_column][vc_column width=&#8221;1\/6&#8243; css=&#8221;.vc_custom_1564301345960{border-left-width: 2px !important;border-left-color: #828282 !important;border-left-style: solid !important;}&#8221;][vc_btn title=&#8221;M\u00c1S INFORMACI\u00d3N&#8221; align=&#8221;center&#8221; link=&#8221;url:https%3A%2F%2Fvirgiliogalvis.com%2Fgaleria%2Fgaleria-celebracion-fin-de-ano-2019%2F|title:Galer%C3%ADa%20%E2%80%93%20Celebraci%C3%B3n%20Fin%20de%20A%C3%B1o%202019||&#8221;][\/vc_column][\/vc_row][vc_row equal_height=&#8221;yes&#8221; content_placement=&#8221;middle&#8221; iw_layout=&#8221;boxed&#8221; css=&#8221;.vc_custom_1564301358275{border-top-width: 2px !important;border-bottom-width: 2px !important;padding-top: 20px !important;padding-bottom: 20px !important;border-top-color: #828282 !important;border-top-style: solid !important;border-bottom-color: #828282 !important;border-bottom-style: solid !important;}&#8221;][vc_column width=&#8221;1\/6&#8243; css=&#8221;.vc_custom_1564301270343{border-right-width: 2px !important;border-right-color: #828282 !important;border-right-style: solid !important;}&#8221;][vc_column_text el_class=&#8221;dg-txt-gal-f&#8221;]<\/p>\n<h1 style=\"text-align: center;\"><span style=\"color: #00375f;\"><strong>07<\/strong><\/span><\/h1>\n<p style=\"text-align: center;\"><span style=\"color: #00375f;\"><strong>Oct<\/strong><\/span><\/p>\n<p>[\/vc_column_text][\/vc_column][vc_column width=&#8221;2\/3&#8243;][vc_row_inner equal_height=&#8221;yes&#8221; content_placement=&#8221;middle&#8221;][vc_column_inner width=&#8221;1\/2&#8243;][inwave_heading preview_style_1=&#8221;&#8221; title=&#8221;{Primer Curso Fondo de Ojo 2019}&#8221; align=&#8221;center&#8221;][vc_column_text]El evento cont\u00f3 con la participaci\u00f3n de 180 profesionales de la salud, m\u00e9dicos oftalm\u00f3logos, m\u00e9dicos generales, residentes y estudiantes. Adem\u00e1s, diferentes expositores nacionales y el reconocido m\u00e9dico neurooftalm\u00f3logo cl\u00ednico, Rafael Muci Mendoza.[\/vc_column_text][\/vc_column_inner][vc_column_inner width=&#8221;1\/2&#8243;][vc_video link=&#8221;https:\/\/www.youtube.com\/watch?v=69e92HNMiUY&amp;feature=youtu.be&#8221; align=&#8221;center&#8221;][\/vc_column_inner][vc_column_inner][\/vc_column_inner][\/vc_row_inner][\/vc_column][vc_column width=&#8221;1\/6&#8243; css=&#8221;.vc_custom_1564301345960{border-left-width: 2px !important;border-left-color: #828282 !important;border-left-style: solid !important;}&#8221;][vc_btn title=&#8221;M\u00c1S INFORMACI\u00d3N&#8221; align=&#8221;center&#8221; link=&#8221;url:https%3A%2F%2Fvirgiliogalvis.com%2Fcurso-fondo-de-ojo%2F|title:Curso%20Fondo%20de%20Ojo||&#8221;][\/vc_column][\/vc_row][vc_row equal_height=&#8221;yes&#8221; content_placement=&#8221;middle&#8221; iw_layout=&#8221;boxed&#8221; css=&#8221;.vc_custom_1564301358275{border-top-width: 2px !important;border-bottom-width: 2px !important;padding-top: 20px !important;padding-bottom: 20px !important;border-top-color: #828282 !important;border-top-style: solid !important;border-bottom-color: #828282 !important;border-bottom-style: solid !important;}&#8221;][vc_column width=&#8221;1\/6&#8243; css=&#8221;.vc_custom_1564301270343{border-right-width: 2px !important;border-right-color: #828282 !important;border-right-style: solid !important;}&#8221;][vc_column_text el_class=&#8221;dg-txt-gal-f&#8221;]<\/p>\n<h1 style=\"text-align: center;\"><span style=\"color: #00375f;\"><strong>27<\/strong><\/span><\/h1>\n<p style=\"text-align: center;\"><span style=\"color: #00375f;\"><strong>Jun<\/strong><\/span><\/p>\n<p>[\/vc_column_text][\/vc_column][vc_column width=&#8221;2\/3&#8243;][vc_row_inner equal_height=&#8221;yes&#8221; content_placement=&#8221;middle&#8221;][vc_column_inner width=&#8221;1\/2&#8243;][inwave_heading preview_style_1=&#8221;&#8221; title=&#8221;{Segunda Catedra Abierta Virgilio Galvis &#8211; UNAB 2019}&#8221; align=&#8221;center&#8221;][vc_column_text]Soy un bloque de texto. Haz clic en el bot\u00f3n Editar para cambiar este texto. Lorem ipsum dolor sit amet, consectetur adipiscing elit. Ut elit tellus, luctus nec ullamcorper mattis, pulvinar dapibus leo.[\/vc_column_text][\/vc_column_inner][vc_column_inner width=&#8221;1\/2&#8243;][vc_single_image image=&#8221;4451&#8243; img_size=&#8221;full&#8221; alignment=&#8221;center&#8221;][\/vc_column_inner][\/vc_row_inner][\/vc_column][vc_column width=&#8221;1\/6&#8243; css=&#8221;.vc_custom_1564301345960{border-left-width: 2px !important;border-left-color: #828282 !important;border-left-style: solid !important;}&#8221;][vc_btn title=&#8221;M\u00c1S INFORMACI\u00d3N&#8221; align=&#8221;center&#8221; link=&#8221;|||&#8221;][\/vc_column][\/vc_row][vc_row equal_height=&#8221;yes&#8221; content_placement=&#8221;middle&#8221; iw_layout=&#8221;boxed&#8221; css=&#8221;.vc_custom_1564301358275{border-top-width: 2px !important;border-bottom-width: 2px !important;padding-top: 20px !important;padding-bottom: 20px !important;border-top-color: #828282 !important;border-top-style: solid !important;border-bottom-color: #828282 !important;border-bottom-style: solid !important;}&#8221;][vc_column width=&#8221;1\/6&#8243; css=&#8221;.vc_custom_1564301270343{border-right-width: 2px !important;border-right-color: #828282 !important;border-right-style: solid !important;}&#8221;][vc_column_text el_class=&#8221;dg-txt-gal-f&#8221;]<\/p>\n<h1 style=\"text-align: center;\"><span style=\"color: #00375f;\"><strong>27<\/strong><\/span><\/h1>\n<p style=\"text-align: center;\"><span style=\"color: #00375f;\"><strong>Jun<\/strong><\/span><\/p>\n<p>[\/vc_column_text][\/vc_column][vc_column width=&#8221;2\/3&#8243;][vc_row_inner equal_height=&#8221;yes&#8221; content_placement=&#8221;middle&#8221;][vc_column_inner width=&#8221;1\/2&#8243;][inwave_heading preview_style_1=&#8221;&#8221; title=&#8221;{Catedra Abierta Virgilio Galvis &#8211; UNAB 2019}&#8221; align=&#8221;center&#8221;][vc_column_text]Con la presencia del grupo directivo de la <strong>Universidad Aut\u00f3noma de Bucaramanga<\/strong> y los estudiantes del programa de <strong>Ingenier\u00eda Biom\u00e9dica de la UNAB<\/strong>, se cumpli\u00f3 en el auditorio mayor de la Facultad de Medicina de la UNAB, la presentaci\u00f3n de la \u2018Catedra Abierta Virgilio Galvis Ram\u00edrez\u2019, un espacio acad\u00e9mico que pretende promover encuentro, reflexi\u00f3n y actualizaci\u00f3n entorno a la diversidad de temas relacionados con la Ingenier\u00eda Biom\u00e9dica y salud.[\/vc_column_text][\/vc_column_inner][vc_column_inner width=&#8221;1\/2&#8243;][vc_single_image image=&#8221;4451&#8243; img_size=&#8221;full&#8221; alignment=&#8221;center&#8221;][\/vc_column_inner][\/vc_row_inner][\/vc_column][vc_column width=&#8221;1\/6&#8243; css=&#8221;.vc_custom_1564301345960{border-left-width: 2px !important;border-left-color: #828282 !important;border-left-style: solid !important;}&#8221;][vc_btn title=&#8221;M\u00c1S INFORMACI\u00d3N&#8221; align=&#8221;center&#8221; link=&#8221;|||&#8221;][\/vc_column][\/vc_row][vc_row equal_height=&#8221;yes&#8221; content_placement=&#8221;middle&#8221; iw_layout=&#8221;boxed&#8221; css=&#8221;.vc_custom_1564301358275{border-top-width: 2px !important;border-bottom-width: 2px !important;padding-top: 20px !important;padding-bottom: 20px !important;border-top-color: #828282 !important;border-top-style: solid !important;border-bottom-color: #828282 !important;border-bottom-style: solid !important;}&#8221;][vc_column width=&#8221;1\/6&#8243; css=&#8221;.vc_custom_1564301270343{border-right-width: 2px !important;border-right-color: #828282 !important;border-right-style: solid !important;}&#8221;][vc_column_text el_class=&#8221;dg-txt-gal-f&#8221;]<\/p>\n<h1 style=\"text-align: center;\"><span style=\"color: #00375f;\"><strong>30<\/strong><\/span><\/h1>\n<p style=\"text-align: center;\"><span style=\"color: #00375f;\"><strong>May <\/strong><\/span><\/p>\n<p>[\/vc_column_text][\/vc_column][vc_column width=&#8221;2\/3&#8243;][vc_row_inner equal_height=&#8221;yes&#8221; content_placement=&#8221;middle&#8221;][vc_column_inner width=&#8221;1\/2&#8243;][inwave_heading preview_style_1=&#8221;&#8221; title=&#8221;{Premios a la Vanguardia 2019}&#8221; align=&#8221;center&#8221;][vc_column_text]En reconocimiento a 40 a\u00f1os de trayectoria y su influencia en el desarrollo del sector salud en Santander el <strong>Dr<\/strong> <strong>Virgilio Galvis Ramirez<\/strong> fue exaltado con el premio realizado por la revista especializada <strong>500 empresas generadoras de Santander y Vanguardia Liberal<\/strong> en sus 100 a\u00f1os.[\/vc_column_text][\/vc_column_inner][vc_column_inner width=&#8221;1\/2&#8243;][vc_video link=&#8221;https:\/\/youtu.be\/7DoNMucP-5Y&#8221; align=&#8221;center&#8221;][\/vc_column_inner][\/vc_row_inner][\/vc_column][vc_column width=&#8221;1\/6&#8243; css=&#8221;.vc_custom_1564301345960{border-left-width: 2px !important;border-left-color: #828282 !important;border-left-style: solid !important;}&#8221;][vc_btn title=&#8221;M\u00c1S INFORMACI\u00d3N&#8221; align=&#8221;center&#8221; link=&#8221;|||&#8221;][\/vc_column][\/vc_row][vc_row equal_height=&#8221;yes&#8221; content_placement=&#8221;middle&#8221; iw_layout=&#8221;boxed&#8221; css=&#8221;.vc_custom_1564301358275{border-top-width: 2px !important;border-bottom-width: 2px !important;padding-top: 20px !important;padding-bottom: 20px !important;border-top-color: #828282 !important;border-top-style: solid !important;border-bottom-color: #828282 !important;border-bottom-style: solid !important;}&#8221;][vc_column width=&#8221;1\/6&#8243; css=&#8221;.vc_custom_1564301270343{border-right-width: 2px !important;border-right-color: #828282 !important;border-right-style: solid !important;}&#8221;][vc_column_text el_class=&#8221;dg-txt-gal-f&#8221;]<\/p>\n<h1 style=\"text-align: center;\"><span style=\"color: #00375f;\"><strong>25<\/strong><\/span><\/h1>\n<p style=\"text-align: center;\"><span style=\"color: #00375f;\"><strong>Abr<\/strong><\/span><\/p>\n<p>[\/vc_column_text][\/vc_column][vc_column width=&#8221;2\/3&#8243;][vc_row_inner equal_height=&#8221;yes&#8221; content_placement=&#8221;middle&#8221;][vc_column_inner width=&#8221;1\/2&#8243;][inwave_heading preview_style_1=&#8221;&#8221; title=&#8221;{Visita Ministro de Salud}&#8221; align=&#8221;center&#8221;][vc_column_text]Con la asistencia del Ministro de Salud, Juan Pablo Uribe Restrepo\u00a0y el Director Nacional de Acreditaci\u00f3n de Icontec,\u00a0Carlos Edgar Rodr\u00edguez Hern\u00e1ndez, la Cl\u00ednica Foscal recibi\u00f3 la ratificaci\u00f3n de la Acreditaci\u00f3n en Salud en su tercer ciclo, por parte Consejo Directivo del Instituto Colombiano de Normas T\u00e9cnicas \u2013 Icontec.[\/vc_column_text][\/vc_column_inner][vc_column_inner width=&#8221;1\/2&#8243;][vc_video link=&#8221;https:\/\/youtu.be\/8H3zw2KC0mo&#8221; align=&#8221;center&#8221;][\/vc_column_inner][\/vc_row_inner][\/vc_column][vc_column width=&#8221;1\/6&#8243; css=&#8221;.vc_custom_1564301345960{border-left-width: 2px !important;border-left-color: #828282 !important;border-left-style: solid !important;}&#8221;][vc_btn title=&#8221;M\u00c1S INFORMACI\u00d3N&#8221; align=&#8221;center&#8221; link=&#8221;url:https%3A%2F%2Fvirgiliogalvis.com%2Fgaleria%2Fcurso-internacional-de-oftalmologia-2019%2F|title:Galer%C3%ADa%20%E2%80%93%20Curso%20Internacional%20de%20Oftalmolog%C3%ADa%202019||&#8221;][\/vc_column][\/vc_row][vc_row equal_height=&#8221;yes&#8221; content_placement=&#8221;middle&#8221; iw_layout=&#8221;boxed&#8221; css=&#8221;.vc_custom_1564301358275{border-top-width: 2px !important;border-bottom-width: 2px !important;padding-top: 20px !important;padding-bottom: 20px !important;border-top-color: #828282 !important;border-top-style: solid !important;border-bottom-color: #828282 !important;border-bottom-style: solid !important;}&#8221;][vc_column width=&#8221;1\/6&#8243; css=&#8221;.vc_custom_1564301270343{border-right-width: 2px !important;border-right-color: #828282 !important;border-right-style: solid !important;}&#8221;][vc_column_text el_class=&#8221;dg-txt-gal-f&#8221;]<\/p>\n<h1 style=\"text-align: center;\"><span style=\"color: #00375f;\"><strong>12<\/strong><\/span><\/h1>\n<p style=\"text-align: center;\"><span style=\"color: #00375f;\"><strong>Ene<\/strong><\/span><\/p>\n<p>[\/vc_column_text][\/vc_column][vc_column width=&#8221;2\/3&#8243;][vc_row_inner equal_height=&#8221;yes&#8221; content_placement=&#8221;middle&#8221;][vc_column_inner width=&#8221;1\/2&#8243;][inwave_heading preview_style_1=&#8221;&#8221; title=&#8221;{Curso Internacional de Oftalmolog\u00eda 2019}&#8221; align=&#8221;center&#8221;][vc_column_text]Con la participaci\u00f3n de 114 profesionales y residentes de oftalmolog\u00eda, procedentes de 11 pa\u00edses, concluy\u00f3 en el auditorio del Club M\u00e9dico de la Fundacion Oftalmologica de Santander el <strong>XIII Curso Internacional de Oftalmolog\u00eda<\/strong>. un evento organizado por el Centro Oftalmologico Virgilio Galvis.<em><br \/>\n<\/em>[\/vc_column_text][\/vc_column_inner][vc_column_inner width=&#8221;1\/2&#8243;][vc_video link=&#8221;https:\/\/youtu.be\/FuMbe8URENk&#8221; align=&#8221;center&#8221;][\/vc_column_inner][\/vc_row_inner][\/vc_column][vc_column width=&#8221;1\/6&#8243; css=&#8221;.vc_custom_1564301345960{border-left-width: 2px !important;border-left-color: #828282 !important;border-left-style: solid !important;}&#8221;][vc_btn title=&#8221;M\u00c1S INFORMACI\u00d3N&#8221; align=&#8221;center&#8221; link=&#8221;url:https%3A%2F%2Fvirgiliogalvis.com%2Fgaleria%2Fcurso-internacional-de-oftalmologia-2019%2F|title:Galer%C3%ADa%20%E2%80%93%20Curso%20Internacional%20de%20Oftalmolog%C3%ADa%202019||&#8221;][\/vc_column][\/vc_row][vc_row equal_height=&#8221;yes&#8221; content_placement=&#8221;middle&#8221; iw_layout=&#8221;boxed&#8221; css=&#8221;.vc_custom_1564301358275{border-top-width: 2px !important;border-bottom-width: 2px !important;padding-top: 20px !important;padding-bottom: 20px !important;border-top-color: #828282 !important;border-top-style: solid !important;border-bottom-color: #828282 !important;border-bottom-style: solid !important;}&#8221;][vc_column width=&#8221;1\/6&#8243; css=&#8221;.vc_custom_1564301270343{border-right-width: 2px !important;border-right-color: #828282 !important;border-right-style: solid !important;}&#8221;][vc_column_text el_class=&#8221;dg-txt-gal-f&#8221;]<\/p>\n<h1 style=\"text-align: center;\"><span style=\"color: #00375f;\"><strong>15<\/strong><\/span><\/h1>\n<p style=\"text-align: center;\"><span style=\"color: #00375f;\"><strong>Dic<\/strong><\/span><\/p>\n<p>[\/vc_column_text][\/vc_column][vc_column width=&#8221;2\/3&#8243;][vc_row_inner equal_height=&#8221;yes&#8221; content_placement=&#8221;middle&#8221;][vc_column_inner width=&#8221;1\/2&#8243;][inwave_heading preview_style_1=&#8221;&#8221; title=&#8221;{Fiesta Retro 2019}&#8221; align=&#8221;center&#8221;][vc_column_text]Con la presencia de las tres unidades de negocio de la organizacion Virgilio Galvis: El Centro Oftalmologico Virgilio Galvis, Centro Oftalmologico de San Gil, Vg y At y Opticas se celebro la fiesta de fin de a\u00f1o en la que se participo de la tematica RETRO de los a\u00f1os 80 y 90. Todo en Familia.[\/vc_column_text][\/vc_column_inner][vc_column_inner width=&#8221;1\/2&#8243;][vc_single_image image=&#8221;4437&#8243; img_size=&#8221;full&#8221; alignment=&#8221;center&#8221;][\/vc_column_inner][\/vc_row_inner][\/vc_column][vc_column width=&#8221;1\/6&#8243; css=&#8221;.vc_custom_1564301345960{border-left-width: 2px !important;border-left-color: #828282 !important;border-left-style: solid !important;}&#8221;][vc_btn title=&#8221;M\u00c1S INFORMACI\u00d3N&#8221; align=&#8221;center&#8221; link=&#8221;|||&#8221;][\/vc_column][\/vc_row][vc_row equal_height=&#8221;yes&#8221; content_placement=&#8221;middle&#8221; iw_layout=&#8221;boxed&#8221; css=&#8221;.vc_custom_1564301358275{border-top-width: 2px !important;border-bottom-width: 2px !important;padding-top: 20px !important;padding-bottom: 20px !important;border-top-color: #828282 !important;border-top-style: solid !important;border-bottom-color: #828282 !important;border-bottom-style: solid !important;}&#8221;][vc_column width=&#8221;1\/6&#8243; css=&#8221;.vc_custom_1564301270343{border-right-width: 2px !important;border-right-color: #828282 !important;border-right-style: solid !important;}&#8221;][vc_column_text el_class=&#8221;dg-txt-gal-f&#8221;]<\/p>\n<h1 style=\"text-align: center;\"><span style=\"color: #00375f;\"><strong>13<\/strong><\/span><\/h1>\n<p style=\"text-align: center;\"><span style=\"color: #00375f;\"><strong>Dic <\/strong><\/span><\/p>\n<p>[\/vc_column_text][\/vc_column][vc_column width=&#8221;2\/3&#8243;][vc_row_inner equal_height=&#8221;yes&#8221; content_placement=&#8221;middle&#8221;][vc_column_inner width=&#8221;1\/2&#8243;][inwave_heading preview_style_1=&#8221;&#8221; title=&#8221;{D\u00eda del Oftalm\u00f3logo 2018}&#8221; align=&#8221;center&#8221;][vc_column_text]En el Centro Oftalmologico se realizaron dos celebraciones muy especiales: La Celebraci\u00f3n del d\u00eda del Oftalm\u00f3logo y el Cumplea\u00f1os del Centro Oftalmologico Virgilio Galvis en nuestras diversas sedes por parte del equipo asistencial y administrativo.[\/vc_column_text][\/vc_column_inner][vc_column_inner width=&#8221;1\/2&#8243;][vc_single_image image=&#8221;4453&#8243; img_size=&#8221;full&#8221; alignment=&#8221;center&#8221;][\/vc_column_inner][\/vc_row_inner][\/vc_column][vc_column width=&#8221;1\/6&#8243; css=&#8221;.vc_custom_1564301345960{border-left-width: 2px !important;border-left-color: #828282 !important;border-left-style: solid !important;}&#8221;][vc_btn title=&#8221;M\u00c1S INFORMACI\u00d3N&#8221; align=&#8221;center&#8221; link=&#8221;url:https%3A%2F%2Fvirgiliogalvis.com%2Fgaleria%2Fdia-del-oftalmologo-13-12-2018%2F|title:Galer%C3%ADa%20%E2%80%93%20D%C3%ADa%20del%20oftalm%C3%B3logo%2013-12-2018||&#8221;][\/vc_column][\/vc_row][vc_row equal_height=&#8221;yes&#8221; content_placement=&#8221;middle&#8221; iw_layout=&#8221;boxed&#8221; css=&#8221;.vc_custom_1564301358275{border-top-width: 2px !important;border-bottom-width: 2px !important;padding-top: 20px !important;padding-bottom: 20px !important;border-top-color: #828282 !important;border-top-style: solid !important;border-bottom-color: #828282 !important;border-bottom-style: solid !important;}&#8221;][vc_column width=&#8221;1\/6&#8243; css=&#8221;.vc_custom_1564301270343{border-right-width: 2px !important;border-right-color: #828282 !important;border-right-style: solid !important;}&#8221;][vc_column_text el_class=&#8221;dg-txt-gal-f&#8221;]<\/p>\n<h1 style=\"text-align: center;\"><span style=\"color: #00375f;\"><strong>31<\/strong><\/span><\/h1>\n<p style=\"text-align: center;\"><span style=\"color: #00375f;\"><strong>Oct <\/strong><\/span><\/p>\n<p>[\/vc_column_text][\/vc_column][vc_column width=&#8221;2\/3&#8243;][vc_row_inner equal_height=&#8221;yes&#8221; content_placement=&#8221;middle&#8221;][vc_column_inner width=&#8221;1\/2&#8243;][inwave_heading preview_style_1=&#8221;&#8221; title=&#8221;{D\u00eda de los ni\u00f1os 2018}&#8221; align=&#8221;center&#8221;][vc_column_text]Con la iniciativa del Departamento de Talento Humano se llevo a cabo la celebraci\u00f3n de Halloween con la participaci\u00f3n del grupo de pintucaritas en las diversas sedes de la instituci\u00f3n.[\/vc_column_text][\/vc_column_inner][vc_column_inner width=&#8221;1\/2&#8243;][vc_single_image image=&#8221;4455&#8243; img_size=&#8221;full&#8221; alignment=&#8221;center&#8221;][\/vc_column_inner][\/vc_row_inner][\/vc_column][vc_column width=&#8221;1\/6&#8243; css=&#8221;.vc_custom_1564301345960{border-left-width: 2px !important;border-left-color: #828282 !important;border-left-style: solid !important;}&#8221;][vc_btn title=&#8221;M\u00c1S INFORMACI\u00d3N&#8221; align=&#8221;center&#8221; link=&#8221;url:https%3A%2F%2Fvirgiliogalvis.com%2Fgaleria%2Fdia-de-los-ninos-31-10-2018%2F|title:Galer%C3%ADa%20%E2%80%93%20D%C3%ADa%20de%20los%20ni%C3%B1os%2031-10-2018||&#8221;][\/vc_column][\/vc_row][vc_row equal_height=&#8221;yes&#8221; content_placement=&#8221;middle&#8221; iw_layout=&#8221;boxed&#8221; css=&#8221;.vc_custom_1564301358275{border-top-width: 2px !important;border-bottom-width: 2px !important;padding-top: 20px !important;padding-bottom: 20px !important;border-top-color: #828282 !important;border-top-style: solid !important;border-bottom-color: #828282 !important;border-bottom-style: solid !important;}&#8221;][vc_column width=&#8221;1\/6&#8243; css=&#8221;.vc_custom_1564301270343{border-right-width: 2px !important;border-right-color: #828282 !important;border-right-style: solid !important;}&#8221;][vc_column_text el_class=&#8221;dg-txt-gal-f&#8221;]<\/p>\n<h1 style=\"text-align: center;\"><span style=\"color: #00375f;\"><strong>20<\/strong><\/span><\/h1>\n<p style=\"text-align: center;\"><span style=\"color: #00375f;\"><strong>Oct <\/strong><\/span><\/p>\n<p>[\/vc_column_text][\/vc_column][vc_column width=&#8221;2\/3&#8243;][vc_row_inner equal_height=&#8221;yes&#8221; content_placement=&#8221;middle&#8221;][vc_column_inner width=&#8221;1\/2&#8243;][inwave_heading preview_style_1=&#8221;&#8221; title=&#8221;{Simposio OCT Tomografia Coherencia \u00d3ptica 2018}&#8221; align=&#8221;center&#8221;][vc_column_text]Con el apoyo de TOPCON se realizo el simposio de OCT Tomografia de Coherencia \u00d3ptica y Angiografia con la visita del profesor Austriaco Carl Glittenberg, donde se celebro una conferencia teorica y sesiones practicas en el Centro de Oftalmolog\u00eda de Tecnolog\u00eda Avanzada COTA.[\/vc_column_text][\/vc_column_inner][vc_column_inner width=&#8221;1\/2&#8243;][vc_single_image image=&#8221;4445&#8243; img_size=&#8221;full&#8221; alignment=&#8221;center&#8221;][\/vc_column_inner][\/vc_row_inner][\/vc_column][vc_column width=&#8221;1\/6&#8243; css=&#8221;.vc_custom_1564301345960{border-left-width: 2px !important;border-left-color: #828282 !important;border-left-style: solid !important;}&#8221;][vc_btn title=&#8221;M\u00c1S INFORMACI\u00d3N&#8221; align=&#8221;center&#8221; link=&#8221;|||&#8221;][\/vc_column][\/vc_row]<\/p>\n","protected":false},"excerpt":{"rendered":"<p>[vc_row equal_height=&#8221;yes&#8221; content_placement=&#8221;middle&#8221; iw_layout=&#8221;boxed&#8221; css=&#8221;.vc_custom_1564301358275{border-top-width: 2px !important;border-bottom-width: 2px !important;padding-top: 20px !important;padding-bottom: 20px !important;border-top-color: #828282 !important;border-top-style: solid !important;border-bottom-color: #828282 !important;border-bottom-style: solid !important;}&#8221;][vc_column width=&#8221;1\/6&#8243; css=&#8221;.vc_custom_1564301270343{border-right-width: 2px !important;border-right-color: #828282 !important;border-right-style: solid !important;}&#8221;][vc_column_text el_class=&#8221;dg-txt-gal-f&#8221;] 01 Oct [\/vc_column_text][\/vc_column][vc_column width=&#8221;2\/3&#8243;][vc_row_inner equal_height=&#8221;yes&#8221; content_placement=&#8221;middle&#8221;][vc_column_inner width=&#8221;1\/2&#8243;][inwave_heading preview_style_1=&#8221;&#8221; title=&#8221;{Inauguraci\u00f3n Unidad Movil Oftalmol\u00f3gica &#8211; UMO 2021}&#8221; align=&#8221;center&#8221;][vc_column_text]Con el apoyo de laboratorios Topcon, laboratorios oftalmicos y FOSCAL&#8230;<\/p>\n","protected":false},"author":2,"featured_media":0,"parent":0,"menu_order":0,"comment_status":"closed","ping_status":"closed","template":"page-templates\/full-width-page.php","meta":{"_acf_changed":false,"inline_featured_image":false,"footnotes":""},"class_list":["post-3248","page","type-page","status-publish","hentry"],"acf":[],"_links":{"self":[{"href":"https:\/\/virgiliogalvis.com\/en\/wp-json\/wp\/v2\/pages\/3248","targetHints":{"allow":["GET"]}}],"collection":[{"href":"https:\/\/virgiliogalvis.com\/en\/wp-json\/wp\/v2\/pages"}],"about":[{"href":"https:\/\/virgiliogalvis.com\/en\/wp-json\/wp\/v2\/types\/page"}],"author":[{"embeddable":true,"href":"https:\/\/virgiliogalvis.com\/en\/wp-json\/wp\/v2\/users\/2"}],"replies":[{"embeddable":true,"href":"https:\/\/virgiliogalvis.com\/en\/wp-json\/wp\/v2\/comments?post=3248"}],"version-history":[{"count":0,"href":"https:\/\/virgiliogalvis.com\/en\/wp-json\/wp\/v2\/pages\/3248\/revisions"}],"wp:attachment":[{"href":"https:\/\/virgiliogalvis.com\/en\/wp-json\/wp\/v2\/media?parent=3248"}],"curies":[{"name":"wp","href":"https:\/\/api.w.org\/{rel}","templated":true}]}}