{"id":2727,"date":"2019-07-14T01:14:08","date_gmt":"2019-07-14T01:14:08","guid":{"rendered":"https:\/\/virgiliogalvis.com\/?page_id=2727"},"modified":"2019-07-14T01:14:08","modified_gmt":"2019-07-14T01:14:08","slug":"dr-virgilio-galvis-ramirez","status":"publish","type":"page","link":"https:\/\/virgiliogalvis.com\/en\/medicos-oftalmologos\/dr-virgilio-galvis-ramirez\/","title":{"rendered":"Dr. Virgilio Galvis Ramirez"},"content":{"rendered":"<p>[vc_row iw_layout=&#8221;wide-bg&#8221;][vc_column][vc_row_inner equal_height=&#8221;yes&#8221; content_placement=&#8221;middle&#8221;][vc_column_inner width=&#8221;1\/2&#8243;][inwave_heading preview_style_1=&#8221;&#8221; title=&#8221;{Dr. Virgilio Galvis Ramirez}&#8221;][vc_column_text el_class=&#8221;dg-p-doc&#8221;]<span style=\"color: #00375f;\">Gerente y Fundador &#8211; <\/span><span style=\"color: #00375f;\">Centro Oftalmol\u00f3gico Virgilio Galvis<\/span><\/p>\n<h4><span style=\"color: #00375f;\">MD. Oftalm\u00f3logo, Phd.<\/span><\/h4>\n<p><span style=\"color: #00375f;\"> Doctor en Investigaci\u00f3n en Cirug\u00eda y especialidades M\u00e9dico- Quirugicas, lineas Ciencias de la Visi\u00f3n, Universidad de Ovied, Espa\u00f1a. <\/span><\/p>\n<p><span style=\"color: #00375f;\">Supra &#8211; especialista en Segmento Anterior, Cornea y Cirug\u00eda Refractiva.<\/span>[\/vc_column_text][vc_btn title=&#8221;Solicite su cita&#8221; align=&#8221;left&#8221; link=&#8221;url:https%3A%2F%2Fvirgiliogalvis.com%2Fsolicite-su-cita%2F|title:Solicite%20su%20cita||&#8221; el_class=&#8221;popmake-3281 pum-trigger&#8221;][\/vc_column_inner][vc_column_inner width=&#8221;1\/2&#8243;][vc_single_image image=&#8221;4305&#8243; img_size=&#8221;large&#8221;][\/vc_column_inner][\/vc_row_inner][inwave_tabs layout=&#8221;layout3&#8243; preview_style3=&#8221;&#8221;][inwave_tab_container title=&#8221;ESPECIALIDADES&#8221; icon=&#8221;fa fa-home&#8221;][vc_column_text]<\/p>\n<p class=\"p1\"><span class=\"s1\">Especialista en Oftalmolog\u00eda. Universidad de Antioquia Hospital San vicente de Paul 1975<\/span><\/p>\n<p class=\"p1\"><span class=\"s1\">Segmento Anterior y Cirug\u00eda Refractiva Fundaci\u00f3n Oftalmol\u00f3gica de Santander FOSCAL 2000<\/span><\/p>\n<p class=\"p1\"><span class=\"s1\">Cirug\u00eda Pl\u00e1stica y Superficie Ocular<span class=\"Apple-converted-space\">\u00a0 <\/span>Fundaci\u00f3n Oftalmol\u00f3gica de Santander FOSCAL 1980<\/span><\/p>\n<p class=\"p1\"><span class=\"s1\">Segmento Anterior 1980 Instituto Barraquer de Am\u00e9rica, Santa Fe de Bogot\u00e1<\/span><\/p>\n<p class=\"p1\"><span class=\"s1\">Patolog\u00eda Oft\u00e1lmica 1981<\/span><\/p>\n<p class=\"p1\"><span class=\"s1\">Pl\u00e1stica Ocular 1974 Intercambio de servicio de oftalmolog\u00eda Universidad de Manhattan Eye, Ear Thro al Hospital de New York<\/span><\/p>\n<p class=\"p1\"><span class=\"s1\">Visi\u00f3n Subnormal Intercambio de la Universidad de Antioquia servicio de oftalmolog\u00eda y la Universidad de Boston 1975<\/span><\/p>\n<p class=\"p1\"><span class=\"s1\">Docencia Universitaria Universidad Aut\u00f3noma de Bucaramanga 1996<\/span><\/p>\n<p>[\/vc_column_text][\/inwave_tab_container][inwave_tab_container title=&#8221;PONENCIAS&#8221; icon=&#8221;fa fa-user&#8221;][vc_column_text]<\/p>\n<p class=\"p1\"><span class=\"s1\">Curso Internacional de Oftalmolog\u00eda Foscal &#8211; Director Fundador Enero de 2006 Floridablanca Colombia<\/span><\/p>\n<p class=\"p1\"><span class=\"s1\">Congreso Nacional e Internacional de Oftalmolog\u00eda Anual \u00faltima participaci\u00f3n como ponente marzo 2013<\/span><\/p>\n<p class=\"p1\"><span class=\"s1\">VI Congreso Internacional de Cirug\u00eda Refractiva, Catarata y Glaucoma Marzo 2012 Lima Per\u00fa<\/span><\/p>\n<p class=\"p1\"><span class=\"s1\">III Congreso Internacional Barranquilla Facorefractiva Invitado 2009 Barranquilla<\/span><\/p>\n<p class=\"p1\"><span class=\"s1\">Congreso Actualizaci\u00f3n M\u00e9dica 2008 Bucaramanga<\/span><\/p>\n<p class=\"p1\"><span class=\"s1\">Participaci\u00f3n charla SWINGD 2008 Cartagena<\/span><\/p>\n<p class=\"p1\"><span class=\"s1\">XXXIII Congreso Nacional de Oftalmolog\u00eda 2008 Cartagena<\/span><\/p>\n<p class=\"p1\"><span class=\"s1\">XXVIII Curso Anual FUNDONAL 2007 Bogota<\/span><\/p>\n<p class=\"p1\"><span class=\"s1\">II Congreso Internacional de Facorefractiva 2007 Barranquilla<\/span><\/p>\n<p class=\"p1\"><span class=\"s1\">XXVII Curso Anual FUNDONAL 2006 ponente experiencia con EPILASIK Bogot\u00e1<\/span><\/p>\n<p class=\"p1\"><span class=\"s1\">Conferencista Simposio Avanzado de Catarata ALCON de Colombia 2006 Bogot\u00e1<\/span><\/p>\n<p class=\"p1\"><span class=\"s1\">XXXII Congreso Nacional de Oftalmolog\u00eda 2006 Medellin<\/span><\/p>\n<p class=\"p1\"><span class=\"s1\">2\u00b0 Congreso Iberoamericano Vision 20\/20 Participante y Conferencista 2006 Barranquilla<\/span><\/p>\n<p>&nbsp;<\/p>\n<p class=\"p1\"><span class=\"s1\"><b>CONGRESOS Y PONENCIAS INTERNACIONALES<\/b><\/span><\/p>\n<p class=\"p2\"><span class=\"s1\"><b>Coloquio de catarata y c\u00f3rnea <\/b>Sociedad Paname\u00f1a de Oftalmolog\u00eda Panam\u00e1 Mayo 2013<\/span><\/p>\n<p class=\"p2\"><span class=\"s1\"><b>Congreso Anual ARVO <\/b>Seattle USA Mayo 2013<\/span><\/p>\n<p class=\"p2\"><span class=\"s1\"><b>Congreso ASCRS <\/b>Houston USA 2013<\/span><\/p>\n<p class=\"p2\"><span class=\"s1\"><b>ESCRS <\/b>XXX Congreso de la sociedad europea de catarata y cornea &#8211; Mil\u00e1n Italia 2012<\/span><\/p>\n<p class=\"p2\"><span class=\"s1\"><b>EUCORNEA <\/b>IV Congreso de la sociedad europea de c\u00f3rnea &#8211; Mil\u00e1n Italia 2012<\/span><\/p>\n<p class=\"p2\"><span class=\"s1\"><b>FALCOELCHE<\/b> <b>2011 <\/b>Lex Artix Elche Espa\u00f1a 2011<\/span><\/p>\n<p class=\"p2\"><span class=\"s1\"><b>WORLD KERATOCONO MEETING<\/b> Update on diagnostics of keratocono sensitivity and specificity of topographic keratoconus \u00edndices Ouro Preto Brasil 2010<\/span><\/p>\n<p class=\"p2\"><span class=\"s1\"><b>INTERNATIONAL CONGRESS ON SURFACE ABLATION FEMTO LASER &amp; CROSS LINKING<\/b> Instruction surface ablation femtosecond lasers and corneal cross linking Weston Florida 2010<\/span><\/p>\n<p class=\"p2\"><span class=\"s1\"><b>Congreso Cross linking y Femto<\/b> &#8211; New york USA 2010<\/span><\/p>\n<p class=\"p2\"><span class=\"s1\"><b>Feria medica 2010<\/b> &#8211; D\u00fcsseldorf Alemania<\/span><\/p>\n<p class=\"p2\"><span class=\"s1\"><b>Visita T\u00e9cnica Hospitales<\/b> Espa\u00f1a Alemania 2010<\/span><\/p>\n<p class=\"p2\"><span class=\"s1\"><b>Capacitaci\u00f3n Anillos Femto second<\/b> Zurich 2009<\/span><\/p>\n<p class=\"p1\"><span class=\"s1\">Cumbre Internacional de Oftalmolog\u00eda 2005 Barranquilla<\/span><\/p>\n<p class=\"p1\"><span class=\"s1\">Nuevos Caminos de la oftalmolog\u00eda Laboratorios ALLERGAN 2005 Bogot\u00e1<\/span><\/p>\n<p>[\/vc_column_text][\/inwave_tab_container][inwave_tab_container title=&#8221;MENCIONES Y PREMIOS&#8221; icon=&#8221;fa fa-trophy&#8221;][vc_column_text]<\/p>\n<p class=\"p1\"><span class=\"s1\">Primer Puesto Trabajo Libre en el XXXIV Congreso Nacional de Oftalmologia 2010: Susceptibilidad Antibi\u00f3tica in Vitro de las Fluoroquinolonas en la Fundaci\u00f3n Oftalmol\u00f3gica de Santander-Cl\u00ednica Ardila Lulle (FOSCAL).,SOCIEDAD COLOMBIANA DE OFTALMOLOG\u00cdA &#8211; Agosto de 2010<\/span><\/p>\n<p class=\"p1\"><span class=\"s1\">Member of the World Keratoconus Society,WORLD KERATOCONUS SOCIETY &#8211; Agostode 2010<\/span><\/p>\n<p class=\"p1\"><span class=\"s1\">Premio Prevenci\u00f3n de la Ceguera LIONS\/PAAO 2015,ASOCIACI\u00d3N PANAMERICANA DE OFTALMOLOGIA &#8211; Agosto de 2015<\/span><\/p>\n<p class=\"p1\"><span class=\"s1\">COORDINADOR NACIONAL PARA COLOMBIA, COMIT\u00c9 NACIONAL VISI\u00d3N 2020 &#8211; de 2002<\/span><\/p>\n<p class=\"p1\"><span class=\"s1\">CONSULTANTE PARA LA PREVENCI\u00d3N DE LA CEGUERA Y,CHRISTOFFEL BLINDENMISSION &#8211; de 1986<\/span><\/p>\n<p class=\"p1\"><span class=\"s1\">Medalla al m\u00e9rito \u00a8Jose Marin Cordoba\u00a8,PRESIDENTE JULIO C\u00c9SAR TURBAY AYALA &#8211; de 1982<\/span><\/p>\n<p class=\"p1\"><span class=\"s1\">GRAN CRUZ,ALCALDE DE BUCARAMANGA LUIS FERNANDO COTE &#8211; de 1999<\/span><\/p>\n<p class=\"p1\"><span class=\"s1\">ORDEN AL M\u00c9RITO &#8220;JOS\u00c9 ANTONIO GAL\u00c1N&#8221;,GOBERNADOR DE SANTANDER MIGUEL JES\u00daS ARENAS PRADA &#8211; de 1999<\/span><\/p>\n<p>[\/vc_column_text][\/inwave_tab_container][inwave_tab_container title=&#8221;HONORES Y ACTIVIDADES CIENT\u00cdFICAS&#8221; icon=&#8221;fa fa-child&#8221;][vc_column_text]<\/p>\n<p class=\"p1\"><span class=\"s1\"><b>Presidente de la Junta Directiva<\/b><\/span><\/p>\n<p class=\"p1\"><span class=\"s1\">Foscal internacional Zona Franca Especial 2012 a la presente<\/span><\/p>\n<p class=\"p1\"><span class=\"s1\"><b>Director Fundador<\/b><\/span><\/p>\n<p class=\"p1\"><span class=\"s1\">Centro Oftalmol\u00f3gico Virgilio Galvis 1998 a la presente<\/span><\/p>\n<p class=\"p1\"><span class=\"s1\"><b>Presidente de la Junta Directiv<\/b>a<\/span><\/p>\n<p class=\"p1\"><span class=\"s1\">Fundacion Oftalmologica de Santander 1994 a la presente<\/span><\/p>\n<p class=\"p1\"><span class=\"s1\"><b>Miembro de la Junta Directiva<\/b><\/span><\/p>\n<p class=\"p1\"><span class=\"s1\">Universidad Aut\u00f3noma de Bucaramanga UNAB 1994 a la presente<\/span><\/p>\n<p class=\"p1\"><span class=\"s1\"><b>Ministro de Salud<\/b><\/span><\/p>\n<p class=\"p1\"><span class=\"s1\">Rep\u00fablica de Colombia Bogot\u00e1, Colombia 1998 &#8211; 2000<\/span><\/p>\n<p class=\"p1\"><span class=\"s1\"><b>Decano de la facultad de Medicina<\/b><\/span><\/p>\n<p class=\"p1\"><span class=\"s1\">Universidad Aut\u00f3noma de Bucaramanga UNAB 1995<\/span><\/p>\n<p class=\"p1\"><span class=\"s1\"><b>Director<\/b><\/span><\/p>\n<p class=\"p1\"><span class=\"s1\">Clinica y Centro Medico Carlos Ardila Lulle 1993 &#8211; 1998<\/span><\/p>\n<p class=\"p1\"><span class=\"s1\"><b>Profesor Departamento de Cirug\u00eda<\/b><\/span><\/p>\n<p class=\"p1\"><span class=\"s1\">Divisi\u00f3n de Salud Universidad Industrial de Santander 1978 &#8211; 2005<\/span><\/p>\n<p class=\"p1\"><span class=\"s1\"><b>Director General<\/b><\/span><\/p>\n<p class=\"p1\"><span class=\"s1\">Hospital universitario Ram\u00f3n Gonz\u00e1lez Valencia 1977<\/span><\/p>\n<p class=\"p1\"><span class=\"s1\"><b>Director<\/b><\/span><\/p>\n<p class=\"p1\"><span class=\"s1\">Fundacion Oftalmologica de Santander 1976<\/span><\/p>\n<p>[\/vc_column_text][\/inwave_tab_container][\/inwave_tabs][\/vc_column][\/vc_row]<\/p>\n","protected":false},"excerpt":{"rendered":"<p>[vc_row iw_layout=&#8221;wide-bg&#8221;][vc_column][vc_row_inner equal_height=&#8221;yes&#8221; content_placement=&#8221;middle&#8221;][vc_column_inner width=&#8221;1\/2&#8243;][inwave_heading preview_style_1=&#8221;&#8221; title=&#8221;{Dr. Virgilio Galvis Ramirez}&#8221;][vc_column_text el_class=&#8221;dg-p-doc&#8221;]Gerente y Fundador &#8211; Centro Oftalmol\u00f3gico Virgilio Galvis MD. Oftalm\u00f3logo, Phd. Doctor en Investigaci\u00f3n en Cirug\u00eda y especialidades M\u00e9dico- Quirugicas, lineas Ciencias de la Visi\u00f3n, Universidad de Ovied, Espa\u00f1a. Supra &#8211; especialista en Segmento Anterior, Cornea y Cirug\u00eda Refractiva.[\/vc_column_text][vc_btn title=&#8221;Solicite su cita&#8221; align=&#8221;left&#8221; link=&#8221;url:https%3A%2F%2Fvirgiliogalvis.com%2Fsolicite-su-cita%2F|title:Solicite%20su%20cita||&#8221; el_class=&#8221;popmake-3281&#8230;<\/p>\n","protected":false},"author":2,"featured_media":0,"parent":2710,"menu_order":0,"comment_status":"closed","ping_status":"closed","template":"page-templates\/full-width-page.php","meta":{"_acf_changed":false,"inline_featured_image":false,"footnotes":""},"class_list":["post-2727","page","type-page","status-publish","hentry"],"acf":[],"_links":{"self":[{"href":"https:\/\/virgiliogalvis.com\/en\/wp-json\/wp\/v2\/pages\/2727","targetHints":{"allow":["GET"]}}],"collection":[{"href":"https:\/\/virgiliogalvis.com\/en\/wp-json\/wp\/v2\/pages"}],"about":[{"href":"https:\/\/virgiliogalvis.com\/en\/wp-json\/wp\/v2\/types\/page"}],"author":[{"embeddable":true,"href":"https:\/\/virgiliogalvis.com\/en\/wp-json\/wp\/v2\/users\/2"}],"replies":[{"embeddable":true,"href":"https:\/\/virgiliogalvis.com\/en\/wp-json\/wp\/v2\/comments?post=2727"}],"version-history":[{"count":0,"href":"https:\/\/virgiliogalvis.com\/en\/wp-json\/wp\/v2\/pages\/2727\/revisions"}],"up":[{"embeddable":true,"href":"https:\/\/virgiliogalvis.com\/en\/wp-json\/wp\/v2\/pages\/2710"}],"wp:attachment":[{"href":"https:\/\/virgiliogalvis.com\/en\/wp-json\/wp\/v2\/media?parent=2727"}],"curies":[{"name":"wp","href":"https:\/\/api.w.org\/{rel}","templated":true}]}}