{"id":2513,"date":"2019-07-10T23:01:20","date_gmt":"2019-07-10T23:01:20","guid":{"rendered":"https:\/\/virgiliogalvis.com\/?page_id=2513"},"modified":"2025-02-04T15:53:55","modified_gmt":"2025-02-04T20:53:55","slug":"mision-y-vision","status":"publish","type":"page","link":"https:\/\/virgiliogalvis.com\/en\/mision-y-vision\/","title":{"rendered":"Mission and Vision"},"content":{"rendered":"\t\t<div data-elementor-type=\"wp-page\" data-elementor-id=\"2513\" class=\"elementor elementor-2513\">\n\t\t\t\t<div class=\"elementor-element elementor-element-1effc0a e-flex e-con-boxed cmsmasters-block-default e-con e-parent\" data-id=\"1effc0a\" data-element_type=\"container\" data-e-type=\"container\">\n\t\t\t\t\t<div class=\"e-con-inner\">\n\t\t\t\t\t<\/div>\n\t\t\t\t<\/div>\n\t\t<div class=\"elementor-element elementor-element-a4b7f4c e-flex e-con-boxed cmsmasters-block-default e-con e-parent\" data-id=\"a4b7f4c\" data-element_type=\"container\" data-e-type=\"container\">\n\t\t\t\t\t<div class=\"e-con-inner\">\n\t\t<div class=\"elementor-element elementor-element-8be3c5b e-con-full e-flex cmsmasters-block-default e-con e-child\" data-id=\"8be3c5b\" data-element_type=\"container\" data-e-type=\"container\">\n\t\t\t\t<div class=\"elementor-element elementor-element-43b1843 cmsmasters-block-default cmsmasters-sticky-default elementor-widget elementor-widget-image\" data-id=\"43b1843\" data-element_type=\"widget\" data-e-type=\"widget\" data-widget_type=\"image.default\">\n\t\t\t\t<div class=\"elementor-widget-container\">\n\t\t\t\t\t\t\t\t\t\t\t\t\t\t\t<img fetchpriority=\"high\" decoding=\"async\" width=\"477\" height=\"621\" src=\"https:\/\/virgiliogalvis.com\/wp-content\/uploads\/2025\/02\/DOCTOR-VIRGILIO-GALVIS-HOME-23x30.png\" class=\"attachment-large size-large wp-image-43206 cmsmasters_img cmsmasters-lazyload lazyload\" alt=\"\" data-sizes=\"(max-width: 477px) 100vw, 477px\" data-src=\"https:\/\/virgiliogalvis.com\/wp-content\/uploads\/2025\/02\/DOCTOR-VIRGILIO-GALVIS-HOME.png\" data-srcset=\"https:\/\/virgiliogalvis.com\/wp-content\/uploads\/2025\/02\/DOCTOR-VIRGILIO-GALVIS-HOME.png 477w, https:\/\/virgiliogalvis.com\/wp-content\/uploads\/2025\/02\/DOCTOR-VIRGILIO-GALVIS-HOME-230x300.png 230w, https:\/\/virgiliogalvis.com\/wp-content\/uploads\/2025\/02\/DOCTOR-VIRGILIO-GALVIS-HOME-30x39.png 30w, https:\/\/virgiliogalvis.com\/wp-content\/uploads\/2025\/02\/DOCTOR-VIRGILIO-GALVIS-HOME-23x30.png 23w, https:\/\/virgiliogalvis.com\/wp-content\/uploads\/2025\/02\/DOCTOR-VIRGILIO-GALVIS-HOME-8x10.png 8w\" srcset=\"https:\/\/virgiliogalvis.com\/wp-content\/uploads\/2025\/02\/DOCTOR-VIRGILIO-GALVIS-HOME-23x30.png 23w, https:\/\/virgiliogalvis.com\/wp-content\/uploads\/2025\/02\/DOCTOR-VIRGILIO-GALVIS-HOME-230x300.png 230w, https:\/\/virgiliogalvis.com\/wp-content\/uploads\/2025\/02\/DOCTOR-VIRGILIO-GALVIS-HOME-30x39.png 30w, https:\/\/virgiliogalvis.com\/wp-content\/uploads\/2025\/02\/DOCTOR-VIRGILIO-GALVIS-HOME-8x10.png 8w, https:\/\/virgiliogalvis.com\/wp-content\/uploads\/2025\/02\/DOCTOR-VIRGILIO-GALVIS-HOME.png 477w\" sizes=\"(max-width: 477px) 100vw, 477px\" \/>\t\t\t\t\t\t\t\t\t\t\t\t\t\t\t<\/div>\n\t\t\t\t<\/div>\n\t\t\t\t<\/div>\n\t\t<div class=\"elementor-element elementor-element-a41c991 e-con-full e-flex cmsmasters-block-default e-con e-child\" data-id=\"a41c991\" data-element_type=\"container\" data-e-type=\"container\">\n\t\t\t\t<div class=\"elementor-element elementor-element-d75af3c cmsmasters-block-default cmsmasters-sticky-default elementor-widget elementor-widget-heading\" data-id=\"d75af3c\" data-element_type=\"widget\" data-e-type=\"widget\" data-widget_type=\"heading.default\">\n\t\t\t\t<div class=\"elementor-widget-container\">\n\t\t\t\t\t<h5 class=\"elementor-heading-title elementor-size-default\">Fundador y director\nMD. Virgilio Galvis PhD.<\/h5>\t\t\t\t<\/div>\n\t\t\t\t<\/div>\n\t\t\t\t<div class=\"elementor-element elementor-element-7a618c3 cmsmasters-block-default cmsmasters-sticky-default elementor-widget elementor-widget-text-editor\" data-id=\"7a618c3\" data-element_type=\"widget\" data-e-type=\"widget\" data-widget_type=\"text-editor.default\">\n\t\t\t\t<div class=\"elementor-widget-container\">\n\t\t\t\t\t\t\t\t\t<p class=\"p1\"><span class=\"s1\">El Dr. Virgilio Galvis Ram\u00edrez; m\u00e9dico oftalm\u00f3logo de la Universidad de Antioquia, S<\/span>upra especialista en segmento \u00a0anterior, c\u00f3rnea y cirug\u00eda refractiva. Doctorado en Ciencias de la \u00a0Visi\u00f3n de la Universidad de Oviedo, Espa\u00f1a. Con m\u00e1s de 45 a\u00f1os de experiencia profesional. Reconocido y laureado m\u00e9dico, exministro de Salud, presidente y \u00a0fundador de la Fundaci\u00f3n Oftalmol\u00f3gica de Santander FOSCAL, \u00a0decano fundador de la facultad de medicina de la Universidad Aut\u00f3noma de \u00a0Bucaramanga UNAB, creador de los programas de residencia y fellows, reconocido por sus innumerables aportes a la salud, investigaci\u00f3n y dedicaci\u00f3n al cuidado de la salud visual de nacionales y extranjeros.<\/p><p class=\"p1\"><span class=\"s1\">Fundador del complejo m\u00e9dico FOSCAL y FOSCAL INTERNACIONAL, Instituci\u00f3n l\u00edder en servicios de salud del Oriente Colombiano.\u00a0\u00a0<\/span><span class=\"s1\">Fundador y Primer Decano, Escuela de Medicina UNAB,\u00a0<\/span><span class=\"s1\">Ministro de Salud.\u00a0\u00a0<\/span><span class=\"s1\">Fundador y Director de Virgilio Galvis Centro Oftalmol\u00f3gico d\u00f3nde est\u00e1 dedicado a mejorar la salud visual de las personas con la m\u00e1s alta tecnolog\u00eda y un grupo de apoyo cient\u00edfico especializado.<\/span><\/p>\t\t\t\t\t\t\t\t<\/div>\n\t\t\t\t<\/div>\n\t\t\t\t<\/div>\n\t\t\t\t\t<\/div>\n\t\t\t\t<\/div>\n\t\t<div class=\"elementor-element elementor-element-65fbe84 e-flex e-con-boxed cmsmasters-block-default e-con e-parent\" data-id=\"65fbe84\" data-element_type=\"container\" data-e-type=\"container\">\n\t\t\t\t\t<div class=\"e-con-inner\">\n\t\t<div class=\"elementor-element elementor-element-1ea2c49 e-con-full e-flex cmsmasters-block-default e-con e-child\" data-id=\"1ea2c49\" data-element_type=\"container\" data-e-type=\"container\">\n\t\t\t\t<div class=\"elementor-element elementor-element-8f4624e elementor-aspect-ratio-169 cmsmasters-ver-position-on-scroll-bottom cmsmasters-hor-position-on-scroll-right cmsmasters-animation-on-scroll-up cmsmasters-show-button-yes cmsmasters-close-but-view-stacked cmsmasters-close-but-shape-square cmsmasters-block-default cmsmasters-sticky-default elementor-widget elementor-widget-cmsmasters-video-stream\" data-id=\"8f4624e\" data-element_type=\"widget\" data-e-type=\"widget\" data-settings=\"{&quot;video_type&quot;:&quot;youtube&quot;,&quot;controls&quot;:&quot;yes&quot;,&quot;fs&quot;:&quot;yes&quot;,&quot;cover_image&quot;:{&quot;url&quot;:&quot;https:\\\/\\\/virgiliogalvis.com\\\/wp-content\\\/plugins\\\/elementor\\\/assets\\\/images\\\/placeholder.png&quot;,&quot;id&quot;:&quot;&quot;,&quot;size&quot;:&quot;&quot;},&quot;aspect_ratio&quot;:&quot;169&quot;}\" data-widget_type=\"cmsmasters-video-stream.default\">\n\t\t\t\t<div class=\"elementor-widget-container\">\n\t\t\t\t\t<div class=\"elementor-widget-cmsmasters-video-stream__container elementor-open-inline  \"\"><div class=\"elementor-widget-cmsmasters-video-stream__wrap elementor-fit-aspect-ratio\"><div id=\"youtube\" class=\"elementor-widget-cmsmasters-video-stream__inner\"><span class=\"elementor-widget-cmsmasters-video-stream__close-button eicon-close\"><\/span><iframe \n\t\t\t\tclass=\"elementor-video-iframe\" src=\"https:\/\/www.youtube.com\/embed\/1NW0g07QQvk?controls=1&#038;autoplay=0&#038;mute=false&#038;fs=1&#038;playsinline=0&#038;modestbranding=0&#038;wmode=opaque\" \n\t\t\t\tallowfullscreen \n\t\t\t\tframeborder=\"0\" \n\t\t\t\tscrolling=\"no\" \n\t\t\t\ttitle=\"youtube video player\"><\/iframe><\/div><\/div><\/div>\t\t\t\t<\/div>\n\t\t\t\t<\/div>\n\t\t\t\t<\/div>\n\t\t<div class=\"elementor-element elementor-element-c546677 e-con-full e-flex cmsmasters-block-default e-con e-child\" data-id=\"c546677\" data-element_type=\"container\" data-e-type=\"container\">\n\t\t\t\t<div class=\"elementor-element elementor-element-eec2b97 cmsmasters-block-default cmsmasters-sticky-default elementor-widget elementor-widget-heading\" data-id=\"eec2b97\" data-element_type=\"widget\" data-e-type=\"widget\" data-widget_type=\"heading.default\">\n\t\t\t\t<div class=\"elementor-widget-container\">\n\t\t\t\t\t<h5 class=\"elementor-heading-title elementor-size-default\">Nuestra Historia\n<\/h5>\t\t\t\t<\/div>\n\t\t\t\t<\/div>\n\t\t\t\t<div class=\"elementor-element elementor-element-2723a0b cmsmasters-tabs-type-vertical cmsmasters-list-item-alignment-left cmsmasters-icon-position-left cmsmasters-tabs-position-start cmsmasters-tabs-responsive-mobile cmsmasters-type-responsive-accordion cmsmasters-accordion-icon-position-right cmsmasters-accordion-icon-view-default cmsmasters-icon-view-default cmsmasters-pointer-none cmsmasters-block-default cmsmasters-sticky-default elementor-widget elementor-widget-cmsmasters-tabs cmsmasters-widget-tabs\" data-id=\"2723a0b\" data-element_type=\"widget\" data-e-type=\"widget\" data-settings=\"{&quot;tabs&quot;:[{&quot;tab_title&quot;:&quot;2022&quot;,&quot;tab_content&quot;:&quot;&lt;p&gt;Acompa\\u00f1ado de su equipo m\\u00e9dico, administrativo y asistencial, realiza una transformaci\\u00f3n tecnol\\u00f3gica en todas sus sedes, realizando una modernizaci\\u00f3n e inclusi\\u00f3n de su sede COS San Gil.&lt;\\\/p&gt;&lt;p&gt;Se realiza la construcci\\u00f3n de la sede 5 ubicada en el piso 9 de la Cl\\u00ednica FOSCAL Internacional para atenci\\u00f3n de pacientes de las diversas especialidades como son: Glaucoma, Retina, Vitreo, Uve\\u00edtis y Neurooftalmolog\\u00eda con diversos consultorios con la comodidad, tecnolog\\u00eda y calidez que nos caracteriza.&lt;\\\/p&gt;&quot;,&quot;_id&quot;:&quot;6fd2387&quot;,&quot;content_type&quot;:&quot;tab-content&quot;,&quot;saved_section&quot;:null,&quot;tab_subtitle&quot;:&quot;&quot;,&quot;tab_icon&quot;:{&quot;value&quot;:&quot;&quot;,&quot;library&quot;:&quot;&quot;},&quot;tab_custom_id&quot;:&quot;&quot;},{&quot;_id&quot;:&quot;a9711c4&quot;,&quot;tab_content&quot;:&quot;&lt;p class=\\&quot;p1\\&quot;&gt;&lt;span class=\\&quot;s1\\&quot;&gt;Comienza el programa \\u201d Ayudemos a que otros Vean \\u201d un programa dise\\u00f1ado para poblaci\\u00f3n vulnerable, acompa\\u00f1ado del equipo m\\u00e9dico y asistencial por las rutas de Santander.&lt;\\\/span&gt;&lt;\\\/p&gt;&lt;p class=\\&quot;p1\\&quot;&gt;&lt;span class=\\&quot;s1\\&quot;&gt;Brindado el servicio de optometr\\u00eda y tamizaje de oftalmolog\\u00eda, para todas las provincias de Santander.&lt;\\\/span&gt;&lt;\\\/p&gt;&quot;,&quot;tab_title&quot;:&quot;2021&quot;,&quot;content_type&quot;:&quot;tab-content&quot;,&quot;saved_section&quot;:null,&quot;tab_subtitle&quot;:&quot;&quot;,&quot;tab_icon&quot;:{&quot;value&quot;:&quot;&quot;,&quot;library&quot;:&quot;&quot;},&quot;tab_custom_id&quot;:&quot;&quot;},{&quot;_id&quot;:&quot;77746ae&quot;,&quot;tab_content&quot;:&quot;&lt;p class=\\&quot;p1\\&quot;&gt;&lt;span class=\\&quot;s1\\&quot;&gt;Se celebran los 14 a\\u00f1os del Curso Internacional de Oftalmolog\\u00eda FOSCAL liderada por el Dr Virgilio Galvis y nuestro Director Cient\\u00edfico el Dr Alejandro Tello Hern\\u00e1ndez acompa\\u00f1ado por el Dr Rub\\u00e9n Berrospi Director M\\u00e9dico de la Instituci\\u00f3n.&lt;br \\\/&gt;&lt;\\\/span&gt;&lt;\\\/p&gt;&lt;p class=\\&quot;p1\\&quot;&gt;&lt;span class=\\&quot;s1\\&quot;&gt;Ante el inicio de la pandemia que cambio el rumbo de nuestra historia, se implementaron rigurosos protocolos de bioseguridad, para la tranquilidad de nuestros pacientes.&lt;\\\/span&gt;&lt;\\\/p&gt;&quot;,&quot;tab_title&quot;:&quot;2020&quot;,&quot;content_type&quot;:&quot;tab-content&quot;,&quot;saved_section&quot;:null,&quot;tab_subtitle&quot;:&quot;&quot;,&quot;tab_icon&quot;:{&quot;value&quot;:&quot;&quot;,&quot;library&quot;:&quot;&quot;},&quot;tab_custom_id&quot;:&quot;&quot;},{&quot;_id&quot;:&quot;45577f3&quot;,&quot;tab_content&quot;:&quot;&lt;p class=\\&quot;p1\\&quot;&gt;&lt;span class=\\&quot;s1\\&quot;&gt;El 15 de diciembre de 2019 se abre en Santander las tiendas Vioptica, una solucion integral para las personas que necesitan gafas y lentes, Vioptica nace como una iniciativa entre el Centro Oftamologico Virgilio Galvis y la Fundaci\\u00f3n Oftalmol\\u00f3gica de Santander para llegar a todas las familias Santandereanas.&lt;\\\/span&gt;&lt;\\\/p&gt;&lt;p&gt;Se realiza apertura y reinauguraci\\u00f3n de Centro Comercial el Cacique, Barrancabermeja, San Gil, Piedecuesta y pr\\u00f3ximamente Gir\\u00f3n y Bucaramanga.&lt;\\\/p&gt;&quot;,&quot;tab_title&quot;:&quot;2019&quot;,&quot;content_type&quot;:&quot;tab-content&quot;,&quot;saved_section&quot;:null,&quot;tab_subtitle&quot;:&quot;&quot;,&quot;tab_icon&quot;:{&quot;value&quot;:&quot;&quot;,&quot;library&quot;:&quot;&quot;},&quot;tab_custom_id&quot;:&quot;&quot;},{&quot;_id&quot;:&quot;a944c33&quot;,&quot;tab_content&quot;:&quot;&lt;p&gt;Se consolida el Centro Oftalmol\\u00f3gico Virgilio Galvis con la apertura de su Centro de Tecnolog\\u00eda Avanzada COTA con equipos de Ultima Tecnolog\\u00eda, la est\\u00e9tica Facial Integral Orobela y la unidad de negocios de \\u00d3pticas para dar respuesta a la necesidad de cubrir el servicio integral en salud visual de todos nuestros pacientes nacionales y extranjeros.&lt;\\\/p&gt;&quot;,&quot;tab_title&quot;:&quot;2017&quot;,&quot;content_type&quot;:&quot;tab-content&quot;,&quot;saved_section&quot;:null,&quot;tab_subtitle&quot;:&quot;&quot;,&quot;tab_icon&quot;:{&quot;value&quot;:&quot;&quot;,&quot;library&quot;:&quot;&quot;},&quot;tab_custom_id&quot;:&quot;&quot;},{&quot;_id&quot;:&quot;02a433d&quot;,&quot;tab_content&quot;:&quot;&lt;p class=\\&quot;p1\\&quot;&gt;&lt;span class=\\&quot;s1\\&quot;&gt;El Dr. Virgilio Galvis Ram\\u00edrez, fundador y gestor de la organizaci\\u00f3n, pone en marcha el nuevo mega proyecto de crecimiento y expansi\\u00f3n: La Cl\\u00ednica Foscal Internacional, que nace como una respuesta a la necesidad de cubrir el d\\u00e9ficit de atenci\\u00f3n en salud que presenta la regi\\u00f3n ese mismo a\\u00f1o se crea el Centro Oftalmol\\u00f3gico Virgilio Galvis Procurando dar una atenci\\u00f3n especializada en la oftalmolog\\u00eda con altos est\\u00e1ndares de calidad y calidez, para lo cual buscamos siempre contar con el talento humano altamente calificado y con la \\u00faltima tecnolog\\u00eda al servicio de la visi\\u00f3n para los pacientes y su familia.&lt;\\\/span&gt;&lt;\\\/p&gt;&lt;p class=\\&quot;p3\\&quot;&gt;&lt;span class=\\&quot;s1\\&quot;&gt;La moderna edificaci\\u00f3n de 140 mil metros cuadrados, cuenta con una infraestructura de alta tecnolog\\u00eda que integra servicios m\\u00e9dicos, hospitalarios, innovaci\\u00f3n, investigaci\\u00f3n cient\\u00edfica y desarrollo del conocimiento, para la atenci\\u00f3n de pacientes nacionales e internacionales, que requieran servicios de alta complejidad.&lt;\\\/span&gt;&lt;\\\/p&gt;&lt;p class=\\&quot;p3\\&quot;&gt;&lt;span class=\\&quot;s1\\&quot;&gt;El desarrollo de la Cl\\u00ednica Foscal Internacional, ubicada en el sector de El Bosque en Floridablanca, frente a la Facultad de Medicina de la Universidad Aut\\u00f3noma de Bucaramanga, contempl\\u00f3 amplios espacios en las \\u00e1reas comunes, salas de espera, unidades especializadas, confort para los pacientes en los pisos de hospitalizaci\\u00f3n, consulta externa, consulta especializada y una gran \\u00e1rea quir\\u00fargica con el apoyo de las modernas unidades de cuidado intensivo.&lt;\\\/span&gt;&lt;\\\/p&gt;&lt;p class=\\&quot;p3\\&quot;&gt;&lt;span class=\\&quot;s1\\&quot;&gt;Desde ese mismo a\\u00f1o 2012 el Centro Oftalmol\\u00f3gico Virgilio Galvis abri\\u00f3 adem\\u00e1s sus sedes en el nuevo complejo m\\u00e9dico FOSCAL INTERNACIONAL. Tanto en la sede original como en sus nuevas sedes se ha mantenido una permanente actualizaci\\u00f3n tecnol\\u00f3gica y ha habido una constante vinculaci\\u00f3n de especialistas altamente calificados con el fin de prestar un servicio de muy alta calidad.&lt;\\\/span&gt;&lt;\\\/p&gt;&quot;,&quot;tab_title&quot;:&quot;2012&quot;,&quot;content_type&quot;:&quot;tab-content&quot;,&quot;saved_section&quot;:null,&quot;tab_subtitle&quot;:&quot;&quot;,&quot;tab_icon&quot;:{&quot;value&quot;:&quot;&quot;,&quot;library&quot;:&quot;&quot;},&quot;tab_custom_id&quot;:&quot;&quot;},{&quot;_id&quot;:&quot;7d2353a&quot;,&quot;tab_content&quot;:&quot;&lt;p class=\\&quot;p1\\&quot;&gt;&lt;span class=\\&quot;s1\\&quot;&gt;Nace la Fundaci\\u00f3n Oftalmol\\u00f3gica de Santander\\\/Cl\\u00ednica Ardila Lulle (FOSCAL) como uno de los complejos m\\u00e9dicos integrales m\\u00e1s importantes del pa\\u00eds, incluyendo no solo la oftalmolog\\u00eda sino todas las especialidades de la medicina.&lt;\\\/span&gt;&lt;\\\/p&gt;&lt;p class=\\&quot;p1\\&quot;&gt;&lt;span class=\\&quot;s1\\&quot;&gt;El Dr. Virgilio Galvis constituy\\u00f3 un centro de alta tecnolog\\u00eda oftalmol\\u00f3gica dentro de este complejo m\\u00e9dico, ofreciendo un servicio integral en oftalmolog\\u00eda con la m\\u00e1s alta y avanzada tecnolog\\u00eda disponible.&lt;\\\/span&gt;&lt;\\\/p&gt;&quot;,&quot;tab_title&quot;:&quot;1993&quot;,&quot;content_type&quot;:&quot;tab-content&quot;,&quot;saved_section&quot;:null,&quot;tab_subtitle&quot;:&quot;&quot;,&quot;tab_icon&quot;:{&quot;value&quot;:&quot;&quot;,&quot;library&quot;:&quot;&quot;},&quot;tab_custom_id&quot;:&quot;&quot;},{&quot;_id&quot;:&quot;b68d519&quot;,&quot;tab_content&quot;:&quot;&lt;p&gt;El\\u00a0&lt;i&gt;27 de Julio de 1982&lt;\\\/i&gt;, se inaugura el moderno edificio de 5 mil 800 metros cuadrados de la Fundaci\\u00f3n Oftalmol\\u00f3gica de Santander \\u2013 FOS, una de las m\\u00e1s modernas del pa\\u00eds en su momento, en el sur del \\u00e1rea metropolitana.&lt;\\\/p&gt;&quot;,&quot;tab_title&quot;:&quot;1982&quot;,&quot;content_type&quot;:&quot;tab-content&quot;,&quot;saved_section&quot;:null,&quot;tab_subtitle&quot;:&quot;&quot;,&quot;tab_icon&quot;:{&quot;value&quot;:&quot;&quot;,&quot;library&quot;:&quot;&quot;},&quot;tab_custom_id&quot;:&quot;&quot;},{&quot;_id&quot;:&quot;d405c43&quot;,&quot;tab_content&quot;:&quot;&lt;p&gt;Inicialmente la FOS funcion\\u00f3 en una vieja casona en la calle 34 con carrera 28 de Bucaramanga, en donde en\\u00a0&lt;i&gt;1979&lt;\\\/i&gt;\\u00a0y con las restricciones tecnol\\u00f3gicas de todo buen comienzo, se obtuvieron las primeras vivencias de servicio comunitario y se brind\\u00f3 atenci\\u00f3n oftalmol\\u00f3gica durante dos a\\u00f1os, gracias a la labor del recurso humano profesional y param\\u00e9dico comprometido con la misi\\u00f3n institucional de\\u00a0&lt;i&gt;\\u2018Ayudar a que Otros Vean\\u2019&lt;\\\/i&gt;.&lt;\\\/p&gt;&quot;,&quot;tab_title&quot;:&quot;1979&quot;,&quot;content_type&quot;:&quot;tab-content&quot;,&quot;saved_section&quot;:null,&quot;tab_subtitle&quot;:&quot;&quot;,&quot;tab_icon&quot;:{&quot;value&quot;:&quot;&quot;,&quot;library&quot;:&quot;&quot;},&quot;tab_custom_id&quot;:&quot;&quot;},{&quot;_id&quot;:&quot;2f5ac69&quot;,&quot;tab_content&quot;:&quot;&lt;p&gt;El Doctor Galvis empez\\u00f3 a prestar sus servicios profesionales en un consultorio particular en Bucaramanga, pero decidido al logro de sus objetivos de avanzar en la b\\u00fasqueda constante por realizar y liderar las m\\u00e1s actualizadas y avanzadas t\\u00e9cnicas oftalmol\\u00f3gicas y disponer de los \\u00faltimos avances tecnol\\u00f3gicos en esta \\u00e1rea para servir a la comunidad y de estar vinculado universitariamente como maestro en la formaci\\u00f3n de m\\u00e9dicos especialistas, emprendi\\u00f3 un proyecto de mayor envergadura: la Fundaci\\u00f3n Oftalmol\\u00f3gica de Santander (FOS).&lt;\\\/p&gt;&quot;,&quot;tab_title&quot;:&quot;1976&quot;,&quot;content_type&quot;:&quot;tab-content&quot;,&quot;saved_section&quot;:null,&quot;tab_subtitle&quot;:&quot;&quot;,&quot;tab_icon&quot;:{&quot;value&quot;:&quot;&quot;,&quot;library&quot;:&quot;&quot;},&quot;tab_custom_id&quot;:&quot;&quot;},{&quot;_id&quot;:&quot;df0e664&quot;,&quot;tab_content&quot;:&quot;&lt;p&gt;El Dr. Virgilio Galvis llega a Bucaramanga cargado de sue\\u00f1os y como egresado de la Universidad de Antioquia, despu\\u00e9s de haber reforzado sus competencias de M\\u00e9dico Oftalm\\u00f3logo, con cursos avanzados en Colombia y los Estados Unidos en cirug\\u00eda refractiva y pl\\u00e1stica ocular, y adem\\u00e1s con estudios en Gerencia Hospitalaria y Auditor\\u00eda en Salud.&lt;\\\/p&gt;&quot;,&quot;tab_title&quot;:&quot;1975&quot;,&quot;content_type&quot;:&quot;tab-content&quot;,&quot;saved_section&quot;:null,&quot;tab_subtitle&quot;:&quot;&quot;,&quot;tab_icon&quot;:{&quot;value&quot;:&quot;&quot;,&quot;library&quot;:&quot;&quot;},&quot;tab_custom_id&quot;:&quot;&quot;}],&quot;tabs_type&quot;:&quot;vertical&quot;,&quot;default_tab&quot;:1,&quot;tabs_responsive&quot;:&quot;mobile&quot;,&quot;tabs_responsive_type&quot;:&quot;accordion&quot;,&quot;tabs_responsive_choose&quot;:&quot;accordion&quot;}\" data-widget_type=\"cmsmasters-tabs.default\">\n\t\t\t\t<div class=\"elementor-widget-container\">\n\t\t\t\t\t<div class=\"cmsmasters-tabs\" role=\"tablist\"><div class=\"cmsmasters-tabs-list-wrapper\">\n\t\t\t<ul class=\"cmsmasters-tabs-list\"><li id=\"cmsmasters-tabs-list-item_4101\" class=\"cmsmasters-tabs-list-item cmsmasters-animation\" data-tab=\"1\"><a href=\"\" class=\"cmsmasters-tab-title\">\n\t\t\t\t\t\t\t<div class=\"cmsmasters-tab-title__text-wrap-outer\"><div class=\"cmsmasters-tab-title__text-wrap\"><h6 class=\"cmsmasters-tab-title__text \">2022<\/h6><\/div><\/div><\/a><\/li><li id=\"cmsmasters-tabs-list-item_4102\" class=\"cmsmasters-tabs-list-item cmsmasters-animation\" data-tab=\"2\"><a href=\"\" class=\"cmsmasters-tab-title\">\n\t\t\t\t\t\t\t<div class=\"cmsmasters-tab-title__text-wrap-outer\"><div class=\"cmsmasters-tab-title__text-wrap\"><h6 class=\"cmsmasters-tab-title__text \">2021<\/h6><\/div><\/div><\/a><\/li><li id=\"cmsmasters-tabs-list-item_4103\" class=\"cmsmasters-tabs-list-item cmsmasters-animation\" data-tab=\"3\"><a href=\"\" class=\"cmsmasters-tab-title\">\n\t\t\t\t\t\t\t<div class=\"cmsmasters-tab-title__text-wrap-outer\"><div class=\"cmsmasters-tab-title__text-wrap\"><h6 class=\"cmsmasters-tab-title__text \">2020<\/h6><\/div><\/div><\/a><\/li><li id=\"cmsmasters-tabs-list-item_4104\" class=\"cmsmasters-tabs-list-item cmsmasters-animation\" data-tab=\"4\"><a href=\"\" class=\"cmsmasters-tab-title\">\n\t\t\t\t\t\t\t<div class=\"cmsmasters-tab-title__text-wrap-outer\"><div class=\"cmsmasters-tab-title__text-wrap\"><h6 class=\"cmsmasters-tab-title__text \">2019<\/h6><\/div><\/div><\/a><\/li><li id=\"cmsmasters-tabs-list-item_4105\" class=\"cmsmasters-tabs-list-item cmsmasters-animation\" data-tab=\"5\"><a href=\"\" class=\"cmsmasters-tab-title\">\n\t\t\t\t\t\t\t<div class=\"cmsmasters-tab-title__text-wrap-outer\"><div class=\"cmsmasters-tab-title__text-wrap\"><h6 class=\"cmsmasters-tab-title__text \">2017<\/h6><\/div><\/div><\/a><\/li><li id=\"cmsmasters-tabs-list-item_4106\" class=\"cmsmasters-tabs-list-item cmsmasters-animation\" data-tab=\"6\"><a href=\"\" class=\"cmsmasters-tab-title\">\n\t\t\t\t\t\t\t<div class=\"cmsmasters-tab-title__text-wrap-outer\"><div class=\"cmsmasters-tab-title__text-wrap\"><h6 class=\"cmsmasters-tab-title__text \">2012<\/h6><\/div><\/div><\/a><\/li><li id=\"cmsmasters-tabs-list-item_4107\" class=\"cmsmasters-tabs-list-item cmsmasters-animation\" data-tab=\"7\"><a href=\"\" class=\"cmsmasters-tab-title\">\n\t\t\t\t\t\t\t<div class=\"cmsmasters-tab-title__text-wrap-outer\"><div class=\"cmsmasters-tab-title__text-wrap\"><h6 class=\"cmsmasters-tab-title__text \">1993<\/h6><\/div><\/div><\/a><\/li><li id=\"cmsmasters-tabs-list-item_4108\" class=\"cmsmasters-tabs-list-item cmsmasters-animation\" data-tab=\"8\"><a href=\"\" class=\"cmsmasters-tab-title\">\n\t\t\t\t\t\t\t<div class=\"cmsmasters-tab-title__text-wrap-outer\"><div class=\"cmsmasters-tab-title__text-wrap\"><h6 class=\"cmsmasters-tab-title__text \">1982<\/h6><\/div><\/div><\/a><\/li><li id=\"cmsmasters-tabs-list-item_4109\" class=\"cmsmasters-tabs-list-item cmsmasters-animation\" data-tab=\"9\"><a href=\"\" class=\"cmsmasters-tab-title\">\n\t\t\t\t\t\t\t<div class=\"cmsmasters-tab-title__text-wrap-outer\"><div class=\"cmsmasters-tab-title__text-wrap\"><h6 class=\"cmsmasters-tab-title__text \">1979<\/h6><\/div><\/div><\/a><\/li><li id=\"cmsmasters-tabs-list-item_41010\" class=\"cmsmasters-tabs-list-item cmsmasters-animation\" data-tab=\"10\"><a href=\"\" class=\"cmsmasters-tab-title\">\n\t\t\t\t\t\t\t<div class=\"cmsmasters-tab-title__text-wrap-outer\"><div class=\"cmsmasters-tab-title__text-wrap\"><h6 class=\"cmsmasters-tab-title__text \">1976<\/h6><\/div><\/div><\/a><\/li><li id=\"cmsmasters-tabs-list-item_41011\" class=\"cmsmasters-tabs-list-item cmsmasters-animation\" data-tab=\"11\"><a href=\"\" class=\"cmsmasters-tab-title\">\n\t\t\t\t\t\t\t<div class=\"cmsmasters-tab-title__text-wrap-outer\"><div class=\"cmsmasters-tab-title__text-wrap\"><h6 class=\"cmsmasters-tab-title__text \">1975<\/h6><\/div><\/div><\/a><\/li><\/ul>\n\t\t<\/div><div class=\"cmsmasters-tabs-wrap\"><div class=\"cmsmasters-accordion-item-wrap\"><div id=\"cmsmasters-accordion-item-4101\" class=\"cmsmasters-tabs-list-item cmsmasters-accordion-item cmsmasters-animation\" data-tab=\"1\"><a href=\"\" class=\"cmsmasters-tab-title\"><span class=\"cmsmasters-tab-icon cmsmasters-accordion-closed fas fa-plus icon-align-right\"><\/span><span class=\"cmsmasters-tab-icon cmsmasters-accordion-opened fas fa-minus icon-align-right\"><\/span><div class=\"cmsmasters-tab-title__text-wrap-outer\"><div class=\"cmsmasters-tab-title__text-wrap\"><div class=\"cmsmasters-tab-title__text \">2022<\/div><\/div><\/div><\/a><\/div><div id=\"cmsmasters-tab-content_4101\" class=\"cmsmasters-tab\" data-tab=\"1\"><p>Acompa\u00f1ado de su equipo m\u00e9dico, administrativo y asistencial, realiza una transformaci\u00f3n tecnol\u00f3gica en todas sus sedes, realizando una modernizaci\u00f3n e inclusi\u00f3n de su sede COS San Gil.<\/p><p>Se realiza la construcci\u00f3n de la sede 5 ubicada en el piso 9 de la Cl\u00ednica FOSCAL Internacional para atenci\u00f3n de pacientes de las diversas especialidades como son: Glaucoma, Retina, Vitreo, Uve\u00edtis y Neurooftalmolog\u00eda con diversos consultorios con la comodidad, tecnolog\u00eda y calidez que nos caracteriza.<\/p><\/div><\/div><div class=\"cmsmasters-accordion-item-wrap\"><div id=\"cmsmasters-accordion-item-4102\" class=\"cmsmasters-tabs-list-item cmsmasters-accordion-item cmsmasters-animation\" data-tab=\"2\"><a href=\"\" class=\"cmsmasters-tab-title\"><span class=\"cmsmasters-tab-icon cmsmasters-accordion-closed fas fa-plus icon-align-right\"><\/span><span class=\"cmsmasters-tab-icon cmsmasters-accordion-opened fas fa-minus icon-align-right\"><\/span><div class=\"cmsmasters-tab-title__text-wrap-outer\"><div class=\"cmsmasters-tab-title__text-wrap\"><div class=\"cmsmasters-tab-title__text \">2021<\/div><\/div><\/div><\/a><\/div><div id=\"cmsmasters-tab-content_4102\" class=\"cmsmasters-tab\" data-tab=\"2\"><p class=\"p1\"><span class=\"s1\">Comienza el programa \u201d Ayudemos a que otros Vean \u201d un programa dise\u00f1ado para poblaci\u00f3n vulnerable, acompa\u00f1ado del equipo m\u00e9dico y asistencial por las rutas de Santander.<\/span><\/p><p class=\"p1\"><span class=\"s1\">Brindado el servicio de optometr\u00eda y tamizaje de oftalmolog\u00eda, para todas las provincias de Santander.<\/span><\/p><\/div><\/div><div class=\"cmsmasters-accordion-item-wrap\"><div id=\"cmsmasters-accordion-item-4103\" class=\"cmsmasters-tabs-list-item cmsmasters-accordion-item cmsmasters-animation\" data-tab=\"3\"><a href=\"\" class=\"cmsmasters-tab-title\"><span class=\"cmsmasters-tab-icon cmsmasters-accordion-closed fas fa-plus icon-align-right\"><\/span><span class=\"cmsmasters-tab-icon cmsmasters-accordion-opened fas fa-minus icon-align-right\"><\/span><div class=\"cmsmasters-tab-title__text-wrap-outer\"><div class=\"cmsmasters-tab-title__text-wrap\"><div class=\"cmsmasters-tab-title__text \">2020<\/div><\/div><\/div><\/a><\/div><div id=\"cmsmasters-tab-content_4103\" class=\"cmsmasters-tab\" data-tab=\"3\"><p class=\"p1\"><span class=\"s1\">Se celebran los 14 a\u00f1os del Curso Internacional de Oftalmolog\u00eda FOSCAL liderada por el Dr Virgilio Galvis y nuestro Director Cient\u00edfico el Dr Alejandro Tello Hern\u00e1ndez acompa\u00f1ado por el Dr Rub\u00e9n Berrospi Director M\u00e9dico de la Instituci\u00f3n.<br \/><\/span><\/p><p class=\"p1\"><span class=\"s1\">Ante el inicio de la pandemia que cambio el rumbo de nuestra historia, se implementaron rigurosos protocolos de bioseguridad, para la tranquilidad de nuestros pacientes.<\/span><\/p><\/div><\/div><div class=\"cmsmasters-accordion-item-wrap\"><div id=\"cmsmasters-accordion-item-4104\" class=\"cmsmasters-tabs-list-item cmsmasters-accordion-item cmsmasters-animation\" data-tab=\"4\"><a href=\"\" class=\"cmsmasters-tab-title\"><span class=\"cmsmasters-tab-icon cmsmasters-accordion-closed fas fa-plus icon-align-right\"><\/span><span class=\"cmsmasters-tab-icon cmsmasters-accordion-opened fas fa-minus icon-align-right\"><\/span><div class=\"cmsmasters-tab-title__text-wrap-outer\"><div class=\"cmsmasters-tab-title__text-wrap\"><div class=\"cmsmasters-tab-title__text \">2019<\/div><\/div><\/div><\/a><\/div><div id=\"cmsmasters-tab-content_4104\" class=\"cmsmasters-tab\" data-tab=\"4\"><p class=\"p1\"><span class=\"s1\">El 15 de diciembre de 2019 se abre en Santander las tiendas Vioptica, una solucion integral para las personas que necesitan gafas y lentes, Vioptica nace como una iniciativa entre el Centro Oftamologico Virgilio Galvis y la Fundaci\u00f3n Oftalmol\u00f3gica de Santander para llegar a todas las familias Santandereanas.<\/span><\/p><p>Se realiza apertura y reinauguraci\u00f3n de Centro Comercial el Cacique, Barrancabermeja, San Gil, Piedecuesta y pr\u00f3ximamente Gir\u00f3n y Bucaramanga.<\/p><\/div><\/div><div class=\"cmsmasters-accordion-item-wrap\"><div id=\"cmsmasters-accordion-item-4105\" class=\"cmsmasters-tabs-list-item cmsmasters-accordion-item cmsmasters-animation\" data-tab=\"5\"><a href=\"\" class=\"cmsmasters-tab-title\"><span class=\"cmsmasters-tab-icon cmsmasters-accordion-closed fas fa-plus icon-align-right\"><\/span><span class=\"cmsmasters-tab-icon cmsmasters-accordion-opened fas fa-minus icon-align-right\"><\/span><div class=\"cmsmasters-tab-title__text-wrap-outer\"><div class=\"cmsmasters-tab-title__text-wrap\"><div class=\"cmsmasters-tab-title__text \">2017<\/div><\/div><\/div><\/a><\/div><div id=\"cmsmasters-tab-content_4105\" class=\"cmsmasters-tab\" data-tab=\"5\"><p>Se consolida el Centro Oftalmol\u00f3gico Virgilio Galvis con la apertura de su Centro de Tecnolog\u00eda Avanzada COTA con equipos de Ultima Tecnolog\u00eda, la est\u00e9tica Facial Integral Orobela y la unidad de negocios de \u00d3pticas para dar respuesta a la necesidad de cubrir el servicio integral en salud visual de todos nuestros pacientes nacionales y extranjeros.<\/p><\/div><\/div><div class=\"cmsmasters-accordion-item-wrap\"><div id=\"cmsmasters-accordion-item-4106\" class=\"cmsmasters-tabs-list-item cmsmasters-accordion-item cmsmasters-animation\" data-tab=\"6\"><a href=\"\" class=\"cmsmasters-tab-title\"><span class=\"cmsmasters-tab-icon cmsmasters-accordion-closed fas fa-plus icon-align-right\"><\/span><span class=\"cmsmasters-tab-icon cmsmasters-accordion-opened fas fa-minus icon-align-right\"><\/span><div class=\"cmsmasters-tab-title__text-wrap-outer\"><div class=\"cmsmasters-tab-title__text-wrap\"><div class=\"cmsmasters-tab-title__text \">2012<\/div><\/div><\/div><\/a><\/div><div id=\"cmsmasters-tab-content_4106\" class=\"cmsmasters-tab\" data-tab=\"6\"><p class=\"p1\"><span class=\"s1\">El Dr. Virgilio Galvis Ram\u00edrez, fundador y gestor de la organizaci\u00f3n, pone en marcha el nuevo mega proyecto de crecimiento y expansi\u00f3n: La Cl\u00ednica Foscal Internacional, que nace como una respuesta a la necesidad de cubrir el d\u00e9ficit de atenci\u00f3n en salud que presenta la regi\u00f3n ese mismo a\u00f1o se crea el Centro Oftalmol\u00f3gico Virgilio Galvis Procurando dar una atenci\u00f3n especializada en la oftalmolog\u00eda con altos est\u00e1ndares de calidad y calidez, para lo cual buscamos siempre contar con el talento humano altamente calificado y con la \u00faltima tecnolog\u00eda al servicio de la visi\u00f3n para los pacientes y su familia.<\/span><\/p><p class=\"p3\"><span class=\"s1\">La moderna edificaci\u00f3n de 140 mil metros cuadrados, cuenta con una infraestructura de alta tecnolog\u00eda que integra servicios m\u00e9dicos, hospitalarios, innovaci\u00f3n, investigaci\u00f3n cient\u00edfica y desarrollo del conocimiento, para la atenci\u00f3n de pacientes nacionales e internacionales, que requieran servicios de alta complejidad.<\/span><\/p><p class=\"p3\"><span class=\"s1\">El desarrollo de la Cl\u00ednica Foscal Internacional, ubicada en el sector de El Bosque en Floridablanca, frente a la Facultad de Medicina de la Universidad Aut\u00f3noma de Bucaramanga, contempl\u00f3 amplios espacios en las \u00e1reas comunes, salas de espera, unidades especializadas, confort para los pacientes en los pisos de hospitalizaci\u00f3n, consulta externa, consulta especializada y una gran \u00e1rea quir\u00fargica con el apoyo de las modernas unidades de cuidado intensivo.<\/span><\/p><p class=\"p3\"><span class=\"s1\">Desde ese mismo a\u00f1o 2012 el Centro Oftalmol\u00f3gico Virgilio Galvis abri\u00f3 adem\u00e1s sus sedes en el nuevo complejo m\u00e9dico FOSCAL INTERNACIONAL. Tanto en la sede original como en sus nuevas sedes se ha mantenido una permanente actualizaci\u00f3n tecnol\u00f3gica y ha habido una constante vinculaci\u00f3n de especialistas altamente calificados con el fin de prestar un servicio de muy alta calidad.<\/span><\/p><\/div><\/div><div class=\"cmsmasters-accordion-item-wrap\"><div id=\"cmsmasters-accordion-item-4107\" class=\"cmsmasters-tabs-list-item cmsmasters-accordion-item cmsmasters-animation\" data-tab=\"7\"><a href=\"\" class=\"cmsmasters-tab-title\"><span class=\"cmsmasters-tab-icon cmsmasters-accordion-closed fas fa-plus icon-align-right\"><\/span><span class=\"cmsmasters-tab-icon cmsmasters-accordion-opened fas fa-minus icon-align-right\"><\/span><div class=\"cmsmasters-tab-title__text-wrap-outer\"><div class=\"cmsmasters-tab-title__text-wrap\"><div class=\"cmsmasters-tab-title__text \">1993<\/div><\/div><\/div><\/a><\/div><div id=\"cmsmasters-tab-content_4107\" class=\"cmsmasters-tab\" data-tab=\"7\"><p class=\"p1\"><span class=\"s1\">Nace la Fundaci\u00f3n Oftalmol\u00f3gica de Santander\/Cl\u00ednica Ardila Lulle (FOSCAL) como uno de los complejos m\u00e9dicos integrales m\u00e1s importantes del pa\u00eds, incluyendo no solo la oftalmolog\u00eda sino todas las especialidades de la medicina.<\/span><\/p><p class=\"p1\"><span class=\"s1\">El Dr. Virgilio Galvis constituy\u00f3 un centro de alta tecnolog\u00eda oftalmol\u00f3gica dentro de este complejo m\u00e9dico, ofreciendo un servicio integral en oftalmolog\u00eda con la m\u00e1s alta y avanzada tecnolog\u00eda disponible.<\/span><\/p><\/div><\/div><div class=\"cmsmasters-accordion-item-wrap\"><div id=\"cmsmasters-accordion-item-4108\" class=\"cmsmasters-tabs-list-item cmsmasters-accordion-item cmsmasters-animation\" data-tab=\"8\"><a href=\"\" class=\"cmsmasters-tab-title\"><span class=\"cmsmasters-tab-icon cmsmasters-accordion-closed fas fa-plus icon-align-right\"><\/span><span class=\"cmsmasters-tab-icon cmsmasters-accordion-opened fas fa-minus icon-align-right\"><\/span><div class=\"cmsmasters-tab-title__text-wrap-outer\"><div class=\"cmsmasters-tab-title__text-wrap\"><div class=\"cmsmasters-tab-title__text \">1982<\/div><\/div><\/div><\/a><\/div><div id=\"cmsmasters-tab-content_4108\" class=\"cmsmasters-tab\" data-tab=\"8\"><p>El\u00a0<i>27 de Julio de 1982<\/i>, se inaugura el moderno edificio de 5 mil 800 metros cuadrados de la Fundaci\u00f3n Oftalmol\u00f3gica de Santander \u2013 FOS, una de las m\u00e1s modernas del pa\u00eds en su momento, en el sur del \u00e1rea metropolitana.<\/p><\/div><\/div><div class=\"cmsmasters-accordion-item-wrap\"><div id=\"cmsmasters-accordion-item-4109\" class=\"cmsmasters-tabs-list-item cmsmasters-accordion-item cmsmasters-animation\" data-tab=\"9\"><a href=\"\" class=\"cmsmasters-tab-title\"><span class=\"cmsmasters-tab-icon cmsmasters-accordion-closed fas fa-plus icon-align-right\"><\/span><span class=\"cmsmasters-tab-icon cmsmasters-accordion-opened fas fa-minus icon-align-right\"><\/span><div class=\"cmsmasters-tab-title__text-wrap-outer\"><div class=\"cmsmasters-tab-title__text-wrap\"><div class=\"cmsmasters-tab-title__text \">1979<\/div><\/div><\/div><\/a><\/div><div id=\"cmsmasters-tab-content_4109\" class=\"cmsmasters-tab\" data-tab=\"9\"><p>Inicialmente la FOS funcion\u00f3 en una vieja casona en la calle 34 con carrera 28 de Bucaramanga, en donde en\u00a0<i>1979<\/i>\u00a0y con las restricciones tecnol\u00f3gicas de todo buen comienzo, se obtuvieron las primeras vivencias de servicio comunitario y se brind\u00f3 atenci\u00f3n oftalmol\u00f3gica durante dos a\u00f1os, gracias a la labor del recurso humano profesional y param\u00e9dico comprometido con la misi\u00f3n institucional de\u00a0<i>\u2018Ayudar a que Otros Vean\u2019<\/i>.<\/p><\/div><\/div><div class=\"cmsmasters-accordion-item-wrap\"><div id=\"cmsmasters-accordion-item-41010\" class=\"cmsmasters-tabs-list-item cmsmasters-accordion-item cmsmasters-animation\" data-tab=\"10\"><a href=\"\" class=\"cmsmasters-tab-title\"><span class=\"cmsmasters-tab-icon cmsmasters-accordion-closed fas fa-plus icon-align-right\"><\/span><span class=\"cmsmasters-tab-icon cmsmasters-accordion-opened fas fa-minus icon-align-right\"><\/span><div class=\"cmsmasters-tab-title__text-wrap-outer\"><div class=\"cmsmasters-tab-title__text-wrap\"><div class=\"cmsmasters-tab-title__text \">1976<\/div><\/div><\/div><\/a><\/div><div id=\"cmsmasters-tab-content_41010\" class=\"cmsmasters-tab\" data-tab=\"10\"><p>El Doctor Galvis empez\u00f3 a prestar sus servicios profesionales en un consultorio particular en Bucaramanga, pero decidido al logro de sus objetivos de avanzar en la b\u00fasqueda constante por realizar y liderar las m\u00e1s actualizadas y avanzadas t\u00e9cnicas oftalmol\u00f3gicas y disponer de los \u00faltimos avances tecnol\u00f3gicos en esta \u00e1rea para servir a la comunidad y de estar vinculado universitariamente como maestro en la formaci\u00f3n de m\u00e9dicos especialistas, emprendi\u00f3 un proyecto de mayor envergadura: la Fundaci\u00f3n Oftalmol\u00f3gica de Santander (FOS).<\/p><\/div><\/div><div class=\"cmsmasters-accordion-item-wrap\"><div id=\"cmsmasters-accordion-item-41011\" class=\"cmsmasters-tabs-list-item cmsmasters-accordion-item cmsmasters-animation\" data-tab=\"11\"><a href=\"\" class=\"cmsmasters-tab-title\"><span class=\"cmsmasters-tab-icon cmsmasters-accordion-closed fas fa-plus icon-align-right\"><\/span><span class=\"cmsmasters-tab-icon cmsmasters-accordion-opened fas fa-minus icon-align-right\"><\/span><div class=\"cmsmasters-tab-title__text-wrap-outer\"><div class=\"cmsmasters-tab-title__text-wrap\"><div class=\"cmsmasters-tab-title__text \">1975<\/div><\/div><\/div><\/a><\/div><div id=\"cmsmasters-tab-content_41011\" class=\"cmsmasters-tab\" data-tab=\"11\"><p>El Dr. Virgilio Galvis llega a Bucaramanga cargado de sue\u00f1os y como egresado de la Universidad de Antioquia, despu\u00e9s de haber reforzado sus competencias de M\u00e9dico Oftalm\u00f3logo, con cursos avanzados en Colombia y los Estados Unidos en cirug\u00eda refractiva y pl\u00e1stica ocular, y adem\u00e1s con estudios en Gerencia Hospitalaria y Auditor\u00eda en Salud.<\/p><\/div><\/div><\/div><\/div>\t\t\t\t<\/div>\n\t\t\t\t<\/div>\n\t\t\t\t<\/div>\n\t\t\t\t\t<\/div>\n\t\t\t\t<\/div>\n\t\t<div class=\"elementor-element elementor-element-6d5aa1a e-flex e-con-boxed cmsmasters-block-default e-con e-parent\" data-id=\"6d5aa1a\" data-element_type=\"container\" data-e-type=\"container\">\n\t\t\t\t\t<div class=\"e-con-inner\">\n\t\t<div class=\"elementor-element elementor-element-26e785d e-con-full e-flex cmsmasters-block-default e-con e-child\" data-id=\"26e785d\" data-element_type=\"container\" data-e-type=\"container\">\n\t\t\t\t<div class=\"elementor-element elementor-element-47b2672 elementor-aspect-ratio-169 cmsmasters-ver-position-on-scroll-bottom cmsmasters-hor-position-on-scroll-right cmsmasters-animation-on-scroll-up cmsmasters-show-button-yes cmsmasters-close-but-view-stacked cmsmasters-close-but-shape-square cmsmasters-block-default cmsmasters-sticky-default elementor-widget elementor-widget-cmsmasters-video-stream\" data-id=\"47b2672\" data-element_type=\"widget\" data-e-type=\"widget\" data-settings=\"{&quot;video_type&quot;:&quot;youtube&quot;,&quot;controls&quot;:&quot;yes&quot;,&quot;fs&quot;:&quot;yes&quot;,&quot;cover_image&quot;:{&quot;url&quot;:&quot;https:\\\/\\\/virgiliogalvis.com\\\/wp-content\\\/plugins\\\/elementor\\\/assets\\\/images\\\/placeholder.png&quot;,&quot;id&quot;:&quot;&quot;,&quot;size&quot;:&quot;&quot;},&quot;aspect_ratio&quot;:&quot;169&quot;}\" data-widget_type=\"cmsmasters-video-stream.default\">\n\t\t\t\t<div class=\"elementor-widget-container\">\n\t\t\t\t\t<div class=\"elementor-widget-cmsmasters-video-stream__container elementor-open-inline  \"\"><div class=\"elementor-widget-cmsmasters-video-stream__wrap elementor-fit-aspect-ratio\"><div id=\"youtube\" class=\"elementor-widget-cmsmasters-video-stream__inner\"><span class=\"elementor-widget-cmsmasters-video-stream__close-button eicon-close\"><\/span><iframe \n\t\t\t\tclass=\"elementor-video-iframe\" src=\"https:\/\/www.youtube.com\/embed\/UZurm3Cdl0c?controls=1&#038;autoplay=0&#038;mute=false&#038;fs=1&#038;playsinline=0&#038;modestbranding=0&#038;wmode=opaque\" \n\t\t\t\tallowfullscreen \n\t\t\t\tframeborder=\"0\" \n\t\t\t\tscrolling=\"no\" \n\t\t\t\ttitle=\"youtube video player\"><\/iframe><\/div><\/div><\/div>\t\t\t\t<\/div>\n\t\t\t\t<\/div>\n\t\t\t\t<\/div>\n\t\t<div class=\"elementor-element elementor-element-6a33e44 e-con-full e-flex cmsmasters-block-default e-con e-child\" data-id=\"6a33e44\" data-element_type=\"container\" data-e-type=\"container\">\n\t\t\t\t<div class=\"elementor-element elementor-element-010d5e2 cmsmasters-block-default cmsmasters-sticky-default elementor-widget elementor-widget-heading\" data-id=\"010d5e2\" data-element_type=\"widget\" data-e-type=\"widget\" data-widget_type=\"heading.default\">\n\t\t\t\t<div class=\"elementor-widget-container\">\n\t\t\t\t\t<h5 class=\"elementor-heading-title elementor-size-default\">QUI\u00c9NES SOMOS\n<\/h5>\t\t\t\t<\/div>\n\t\t\t\t<\/div>\n\t\t\t\t<div class=\"elementor-element elementor-element-1ed5478 cmsmasters-block-default cmsmasters-sticky-default elementor-widget elementor-widget-text-editor\" data-id=\"1ed5478\" data-element_type=\"widget\" data-e-type=\"widget\" data-widget_type=\"text-editor.default\">\n\t\t\t\t<div class=\"elementor-widget-container\">\n\t\t\t\t\t\t\t\t\t<p>El Centro Oftalmol\u00f3gico Virgilio Galvis es una instituci\u00f3n especializada en la atenci\u00f3n integral en salud visual, ubicada en Floridablanca, Colombia, liderada por el Doctor Virgilio Galvis.\u00a0 Nos dedicamos al diagn\u00f3stico, tratamiento m\u00e9dico y quir\u00fargico de las enfermedades oculares y los trastornos de la visi\u00f3n.\u00a0 Contamos con la mejor tecnolog\u00eda en salud visual del Oriente Colombiano.\u00a0 En nuestros procedimientos en oftalmolog\u00eda usamos los m\u00e1s avanzados recursos tecnol\u00f3gicos disponibles y contamos con un equipo de especialistas expertos con supra especializaciones en las diferentes \u00e1reas de la oftalmolog\u00eda.\u00a0 Adem\u00e1s, nos esforzamos permanentemente por prestar un servicio de excelente calidad cient\u00edfica con mucha calidez humana.\u00a0 Estamos en el camino de la b\u00fasqueda de la excelencia en la prestaci\u00f3n de los servicios a nivel regional e internacional.\u00a0 Adicionalmente tenemos un grupo de profesionales dedicados a la investigaci\u00f3n en ciencias visuales, con el fin de realizar aportes cient\u00edficos en esta \u00e1rea de la medicina.<\/p>\t\t\t\t\t\t\t\t<\/div>\n\t\t\t\t<\/div>\n\t\t\t\t<\/div>\n\t\t\t\t\t<\/div>\n\t\t\t\t<\/div>\n\t\t<div class=\"elementor-element elementor-element-f4ba0df e-flex e-con-boxed cmsmasters-block-default e-con e-parent\" data-id=\"f4ba0df\" data-element_type=\"container\" data-e-type=\"container\">\n\t\t\t\t\t<div class=\"e-con-inner\">\n\t\t<div class=\"elementor-element elementor-element-1e7bbbd e-con-full e-flex cmsmasters-block-default e-con e-child\" data-id=\"1e7bbbd\" data-element_type=\"container\" data-e-type=\"container\">\n\t\t\t\t<div class=\"elementor-element elementor-element-d0de6a5 cmsmasters-block-default cmsmasters-sticky-default elementor-widget elementor-widget-heading\" data-id=\"d0de6a5\" data-element_type=\"widget\" data-e-type=\"widget\" data-widget_type=\"heading.default\">\n\t\t\t\t<div class=\"elementor-widget-container\">\n\t\t\t\t\t<h5 class=\"elementor-heading-title elementor-size-default\">MISI\u00d3N<\/h5>\t\t\t\t<\/div>\n\t\t\t\t<\/div>\n\t\t\t\t<div class=\"elementor-element elementor-element-3ca674a cmsmasters-block-default cmsmasters-sticky-default elementor-widget elementor-widget-text-editor\" data-id=\"3ca674a\" data-element_type=\"widget\" data-e-type=\"widget\" data-widget_type=\"text-editor.default\">\n\t\t\t\t<div class=\"elementor-widget-container\">\n\t\t\t\t\t\t\t\t\t<p>El Centro Oftalmol\u00f3gico Virgilio Galvis es una Instituci\u00f3n Prestadora de Servicios IPS de car\u00e1cter privado que ofrece una atenci\u00f3n integral en optometr\u00eda y oftalmolog\u00eda, tecnolog\u00eda diagnostica y terap\u00e9utica a pacientes de todos los estratos con profesionales, supra especializados en los diferentes saberes de la salud visual<\/p>\t\t\t\t\t\t\t\t<\/div>\n\t\t\t\t<\/div>\n\t\t\t\t<div class=\"elementor-element elementor-element-297fce3 cmsmasters-block-default cmsmasters-sticky-default elementor-widget elementor-widget-heading\" data-id=\"297fce3\" data-element_type=\"widget\" data-e-type=\"widget\" data-widget_type=\"heading.default\">\n\t\t\t\t<div class=\"elementor-widget-container\">\n\t\t\t\t\t<h5 class=\"elementor-heading-title elementor-size-default\">VISI\u00d3N<\/h5>\t\t\t\t<\/div>\n\t\t\t\t<\/div>\n\t\t\t\t<div class=\"elementor-element elementor-element-630df42 cmsmasters-block-default cmsmasters-sticky-default elementor-widget elementor-widget-text-editor\" data-id=\"630df42\" data-element_type=\"widget\" data-e-type=\"widget\" data-widget_type=\"text-editor.default\">\n\t\t\t\t<div class=\"elementor-widget-container\">\n\t\t\t\t\t\t\t\t\t<div class=\"wpb_column vc_column_container vc_col-sm-6\"><div class=\"vc_column-inner\"><div class=\"wpb_wrapper\"><div class=\"wpb_text_column wpb_content_element \"><div class=\"wpb_wrapper\"><p>Para el 2030 continuar siendo la instituci\u00f3n l\u00edder de la regi\u00f3n cubriendo todas las \u00e1reas del saber oftalmol\u00f3gico con actualizada tecnolog\u00eda y profesionales en el estado del arte cient\u00edfico.<\/p><\/div><\/div><\/div><\/div><\/div><div class=\"wpb_column vc_column_container vc_col-sm-6\"><div class=\"vc_column-inner\"><div class=\"wpb_wrapper\">\u00a0<\/div><\/div><\/div>\t\t\t\t\t\t\t\t<\/div>\n\t\t\t\t<\/div>\n\t\t\t\t<\/div>\n\t\t<div class=\"elementor-element elementor-element-34a69bb e-con-full e-flex cmsmasters-block-default e-con e-child\" data-id=\"34a69bb\" data-element_type=\"container\" data-e-type=\"container\">\n\t\t\t\t<div class=\"elementor-element elementor-element-c014e98 cmsmasters-block-default cmsmasters-sticky-default elementor-widget elementor-widget-image\" data-id=\"c014e98\" data-element_type=\"widget\" data-e-type=\"widget\" data-widget_type=\"image.default\">\n\t\t\t\t<div class=\"elementor-widget-container\">\n\t\t\t\t\t\t\t\t\t\t\t\t\t\t\t<img decoding=\"async\" width=\"1024\" height=\"486\" src=\"https:\/\/virgiliogalvis.com\/wp-content\/uploads\/2025\/02\/Slider-Principal-30x14.png\" class=\"attachment-large size-large wp-image-43198 cmsmasters_img cmsmasters-lazyload lazyload\" alt=\"\" data-sizes=\"(max-width: 1024px) 100vw, 1024px\" data-src=\"https:\/\/virgiliogalvis.com\/wp-content\/uploads\/2025\/02\/Slider-Principal-1024x486.png\" data-srcset=\"https:\/\/virgiliogalvis.com\/wp-content\/uploads\/2025\/02\/Slider-Principal-1024x486.png 1024w, https:\/\/virgiliogalvis.com\/wp-content\/uploads\/2025\/02\/Slider-Principal-300x142.png 300w, https:\/\/virgiliogalvis.com\/wp-content\/uploads\/2025\/02\/Slider-Principal-768x365.png 768w, https:\/\/virgiliogalvis.com\/wp-content\/uploads\/2025\/02\/Slider-Principal-1536x729.png 1536w, https:\/\/virgiliogalvis.com\/wp-content\/uploads\/2025\/02\/Slider-Principal-632x300.png 632w, https:\/\/virgiliogalvis.com\/wp-content\/uploads\/2025\/02\/Slider-Principal-30x14.png 30w, https:\/\/virgiliogalvis.com\/wp-content\/uploads\/2025\/02\/Slider-Principal-21x10.png 21w, https:\/\/virgiliogalvis.com\/wp-content\/uploads\/2025\/02\/Slider-Principal.png 1624w\" srcset=\"https:\/\/virgiliogalvis.com\/wp-content\/uploads\/2025\/02\/Slider-Principal-30x14.png 30w, https:\/\/virgiliogalvis.com\/wp-content\/uploads\/2025\/02\/Slider-Principal-300x142.png 300w, https:\/\/virgiliogalvis.com\/wp-content\/uploads\/2025\/02\/Slider-Principal-1024x486.png 1024w, https:\/\/virgiliogalvis.com\/wp-content\/uploads\/2025\/02\/Slider-Principal-768x365.png 768w, https:\/\/virgiliogalvis.com\/wp-content\/uploads\/2025\/02\/Slider-Principal-1536x729.png 1536w, https:\/\/virgiliogalvis.com\/wp-content\/uploads\/2025\/02\/Slider-Principal-632x300.png 632w, https:\/\/virgiliogalvis.com\/wp-content\/uploads\/2025\/02\/Slider-Principal-21x10.png 21w, https:\/\/virgiliogalvis.com\/wp-content\/uploads\/2025\/02\/Slider-Principal.png 1624w\" sizes=\"(max-width: 1024px) 100vw, 1024px\" \/>\t\t\t\t\t\t\t\t\t\t\t\t\t\t\t<\/div>\n\t\t\t\t<\/div>\n\t\t\t\t<\/div>\n\t\t\t\t\t<\/div>\n\t\t\t\t<\/div>\n\t\t<div class=\"elementor-element elementor-element-c403163 e-flex e-con-boxed cmsmasters-block-default e-con e-parent\" data-id=\"c403163\" data-element_type=\"container\" data-e-type=\"container\">\n\t\t\t\t\t<div class=\"e-con-inner\">\n\t\t<div class=\"elementor-element elementor-element-8c9dd03 e-con-full e-flex cmsmasters-block-default e-con e-child\" data-id=\"8c9dd03\" data-element_type=\"container\" data-e-type=\"container\">\n\t\t\t\t<div class=\"elementor-element elementor-element-b5ed94e elementor-aspect-ratio-169 cmsmasters-ver-position-on-scroll-bottom cmsmasters-hor-position-on-scroll-right cmsmasters-animation-on-scroll-up cmsmasters-show-button-yes cmsmasters-close-but-view-stacked cmsmasters-close-but-shape-square cmsmasters-block-default cmsmasters-sticky-default elementor-widget elementor-widget-cmsmasters-video-stream\" data-id=\"b5ed94e\" data-element_type=\"widget\" data-e-type=\"widget\" data-settings=\"{&quot;video_type&quot;:&quot;youtube&quot;,&quot;controls&quot;:&quot;yes&quot;,&quot;fs&quot;:&quot;yes&quot;,&quot;cover_image&quot;:{&quot;url&quot;:&quot;https:\\\/\\\/virgiliogalvis.com\\\/wp-content\\\/plugins\\\/elementor\\\/assets\\\/images\\\/placeholder.png&quot;,&quot;id&quot;:&quot;&quot;,&quot;size&quot;:&quot;&quot;},&quot;aspect_ratio&quot;:&quot;169&quot;}\" data-widget_type=\"cmsmasters-video-stream.default\">\n\t\t\t\t<div class=\"elementor-widget-container\">\n\t\t\t\t\t<div class=\"elementor-widget-cmsmasters-video-stream__container elementor-open-inline  \"\"><div class=\"elementor-widget-cmsmasters-video-stream__wrap elementor-fit-aspect-ratio\"><div id=\"youtube\" class=\"elementor-widget-cmsmasters-video-stream__inner\"><span class=\"elementor-widget-cmsmasters-video-stream__close-button eicon-close\"><\/span><iframe \n\t\t\t\tclass=\"elementor-video-iframe\" src=\"https:\/\/www.youtube.com\/embed\/UZurm3Cdl0c?controls=1&#038;autoplay=0&#038;mute=false&#038;fs=1&#038;playsinline=0&#038;modestbranding=0&#038;wmode=opaque\" \n\t\t\t\tallowfullscreen \n\t\t\t\tframeborder=\"0\" \n\t\t\t\tscrolling=\"no\" \n\t\t\t\ttitle=\"youtube video player\"><\/iframe><\/div><\/div><\/div>\t\t\t\t<\/div>\n\t\t\t\t<\/div>\n\t\t\t\t<\/div>\n\t\t<div class=\"elementor-element elementor-element-b362ddf e-con-full e-flex cmsmasters-block-default e-con e-child\" data-id=\"b362ddf\" data-element_type=\"container\" data-e-type=\"container\">\n\t\t<div class=\"elementor-element elementor-element-b29d3f1 e-con-full e-flex cmsmasters-block-default e-con e-child\" data-id=\"b29d3f1\" data-element_type=\"container\" data-e-type=\"container\">\n\t\t\t\t<div class=\"elementor-element elementor-element-28c3633 cmsmasters-block-default cmsmasters-sticky-default elementor-widget elementor-widget-heading\" data-id=\"28c3633\" data-element_type=\"widget\" data-e-type=\"widget\" data-widget_type=\"heading.default\">\n\t\t\t\t<div class=\"elementor-widget-container\">\n\t\t\t\t\t<h5 class=\"elementor-heading-title elementor-size-default\">PRINCIPIOS Y VALORES\n<\/h5>\t\t\t\t<\/div>\n\t\t\t\t<\/div>\n\t\t\t\t<div class=\"elementor-element elementor-element-b7c49b9 cmsmasters-block-default cmsmasters-sticky-default elementor-widget elementor-widget-text-editor\" data-id=\"b7c49b9\" data-element_type=\"widget\" data-e-type=\"widget\" data-widget_type=\"text-editor.default\">\n\t\t\t\t<div class=\"elementor-widget-container\">\n\t\t\t\t\t\t\t\t\t<p>El Centro Oftalmol\u00f3gico Virgilio Galvis, se caracteriza por los siguientes valores institucionales:<\/p><ul><li>Sentido de pertenencia<\/li><li>Respeto<\/li><li>\u00c9tica y trato transparente<\/li><li>Responsabilidad social<\/li><li>Compromiso<\/li><li>Honestidad<\/li><li>Trabajo en equipo<\/li><li>Desarrollo e innovaci\u00f3n<\/li><li>Liderazgo<\/li><li>Calidad, calidez y excelencia en la prestaci\u00f3n del servicio<\/li><\/ul>\t\t\t\t\t\t\t\t<\/div>\n\t\t\t\t<\/div>\n\t\t\t\t<\/div>\n\t\t<div class=\"elementor-element elementor-element-6f3598d e-con-full e-flex cmsmasters-block-default e-con e-child\" data-id=\"6f3598d\" data-element_type=\"container\" data-e-type=\"container\">\n\t\t\t\t<div class=\"elementor-element elementor-element-0849a73 cmsmasters-block-default cmsmasters-sticky-default elementor-widget elementor-widget-heading\" data-id=\"0849a73\" data-element_type=\"widget\" data-e-type=\"widget\" data-widget_type=\"heading.default\">\n\t\t\t\t<div class=\"elementor-widget-container\">\n\t\t\t\t\t<h5 class=\"elementor-heading-title elementor-size-default\">DIRECCI\u00d3N ESTRAT\u00c9GICA\n<\/h5>\t\t\t\t<\/div>\n\t\t\t\t<\/div>\n\t\t\t\t<div class=\"elementor-element elementor-element-60007bf cmsmasters-block-default cmsmasters-sticky-default elementor-widget elementor-widget-text-editor\" data-id=\"60007bf\" data-element_type=\"widget\" data-e-type=\"widget\" data-widget_type=\"text-editor.default\">\n\t\t\t\t<div class=\"elementor-widget-container\">\n\t\t\t\t\t\t\t\t\t<p>El Centro Oftalmol\u00f3gico Virgilio Galvis ha permanecido por m\u00e1s de 30 a\u00f1os como una instituci\u00f3n l\u00edder en la oftalmolog\u00eda, con altos est\u00e1ndares de atenci\u00f3n con calidad y calidez, siendo pionera en la Cirug\u00eda Refractiva, con un recurso humano altamente calificado y la \u00faltima tecnolog\u00eda al servicio de su visi\u00f3n.<\/p><p>Cuenta adem\u00e1s con una firme participaci\u00f3n en la academia y en la investigaci\u00f3n cient\u00edfica desarrollando m\u00faltiples estudios y publicaciones cient\u00edficas, convirti\u00e9ndose de esta manera en la consolidaci\u00f3n del sue\u00f1o profesional de un l\u00edder y pionero de la oftalmolog\u00eda moderna en Colombia, el Dr. Virgilio Galvis Ramirez.<\/p><p>\u2013 Identificar, adquirir y administrar eficientemente los recursos necesarios para apoyar la implementaci\u00f3n, el mantenimiento y el mejoramiento del sistema de calidad de la organizaci\u00f3n con el fin de aumentar la satisfacci\u00f3n del cliente mediante el cumplimiento de sus necesidades y los intereses de la propia organizaci\u00f3n.<\/p><p>\u2013 Mejorar continuamente la eficacia del sistema de calidad de la organizaci\u00f3n por medio de la implementaci\u00f3n de acciones correctivas y preventivas, con el fin de aumentar la satisfacci\u00f3n de los clientes y de los dem\u00e1s grupos de inter\u00e9s en el servicio (personal de la organizaci\u00f3n, proveedores, comunidad, etc).<\/p>\t\t\t\t\t\t\t\t<\/div>\n\t\t\t\t<\/div>\n\t\t\t\t<\/div>\n\t\t\t\t<\/div>\n\t\t\t\t\t<\/div>\n\t\t\t\t<\/div>\n\t\t\t\t<\/div>\n\t\t","protected":false},"excerpt":{"rendered":"<p>Founder and Director, MD, Virgilio Galvis, PhD. Dr. Virgilio Galvis Ram\u00edrez is an ophthalmologist from the University of Antioquia, specializing in anterior segment, cornea, and refractive surgery. He holds a PhD in Vision Sciences from the University of Oviedo, Spain. He has over 45 years of professional experience. A renowned and award-winning physician, he is a former Minister of Health,\u2026<\/p>","protected":false},"author":2,"featured_media":0,"parent":0,"menu_order":0,"comment_status":"closed","ping_status":"closed","template":"","meta":{"_acf_changed":false,"inline_featured_image":false,"footnotes":""},"class_list":["post-2513","page","type-page","status-publish","hentry"],"acf":[],"_links":{"self":[{"href":"https:\/\/virgiliogalvis.com\/en\/wp-json\/wp\/v2\/pages\/2513","targetHints":{"allow":["GET"]}}],"collection":[{"href":"https:\/\/virgiliogalvis.com\/en\/wp-json\/wp\/v2\/pages"}],"about":[{"href":"https:\/\/virgiliogalvis.com\/en\/wp-json\/wp\/v2\/types\/page"}],"author":[{"embeddable":true,"href":"https:\/\/virgiliogalvis.com\/en\/wp-json\/wp\/v2\/users\/2"}],"replies":[{"embeddable":true,"href":"https:\/\/virgiliogalvis.com\/en\/wp-json\/wp\/v2\/comments?post=2513"}],"version-history":[{"count":21,"href":"https:\/\/virgiliogalvis.com\/en\/wp-json\/wp\/v2\/pages\/2513\/revisions"}],"predecessor-version":[{"id":43219,"href":"https:\/\/virgiliogalvis.com\/en\/wp-json\/wp\/v2\/pages\/2513\/revisions\/43219"}],"wp:attachment":[{"href":"https:\/\/virgiliogalvis.com\/en\/wp-json\/wp\/v2\/media?parent=2513"}],"curies":[{"name":"wp","href":"https:\/\/api.w.org\/{rel}","templated":true}]}}