{"id":2481,"date":"2019-07-10T03:51:10","date_gmt":"2019-07-10T03:51:10","guid":{"rendered":"https:\/\/virgiliogalvis.com\/?page_id=2481"},"modified":"2019-07-10T03:51:10","modified_gmt":"2019-07-10T03:51:10","slug":"nuestro-centro","status":"publish","type":"page","link":"https:\/\/virgiliogalvis.com\/en\/nuestro-centro\/","title":{"rendered":"Our Center"},"content":{"rendered":"<p>[vc_row equal_height=&#8221;yes&#8221; iw_layout=&#8221;wide-bg&#8221; css=&#8221;.vc_custom_1591915734305{margin-top: 5px !important;margin-right: 5px !important;margin-bottom: 5px !important;margin-left: 5px !important;}&#8221;][vc_column width=&#8221;1\/2&#8243;][vc_single_image image=&#8221;3083&#8243; img_size=&#8221;500X700&#8243; alignment=&#8221;center&#8221;][\/vc_column][vc_column width=&#8221;1\/2&#8243;][inwave_heading preview_style_1=&#8221;&#8221; title=&#8221;{Fundador y director}\/\/\/{MD. Virgilio Galvis PhD.}&#8221; css=&#8221;.vc_custom_1575739918009{margin-top: 5px !important;margin-right: 5px !important;margin-bottom: 5px !important;margin-left: 5px !important;border-top-width: 5px !important;border-right-width: 5px !important;border-bottom-width: 5px !important;border-left-width: 5px !important;}&#8221;][vc_empty_space][vc_column_text css=&#8221;.vc_custom_1644958196146{margin-top: 5px !important;margin-right: 5px !important;margin-bottom: 5px !important;margin-left: 5px !important;border-top-width: 5px !important;border-right-width: 5px !important;border-bottom-width: 5px !important;border-left-width: 5px !important;}&#8221;]<\/p>\n<p class=\"p1\"><span class=\"s1\">El Dr. Virgilio Galvis Ram\u00edrez; m\u00e9dico oftalm\u00f3logo de la Universidad de Antioquia, S<\/span>upra especialista en segmento \u00a0anterior, c\u00f3rnea y cirug\u00eda refractiva. Doctorado en Ciencias de la \u00a0Visi\u00f3n de la Universidad de Oviedo, Espa\u00f1a. Con m\u00e1s de 45 a\u00f1os de experiencia profesional. Reconocido y laureado m\u00e9dico, exministro de Salud, presidente y \u00a0fundador de la Fundaci\u00f3n Oftalmol\u00f3gica de Santander FOSCAL, \u00a0decano fundador de la facultad de medicina de la Universidad Aut\u00f3noma de \u00a0Bucaramanga UNAB, creador de los programas de residencia y fellows, reconocido por sus innumerables aportes a la salud, investigaci\u00f3n y dedicaci\u00f3n al cuidado de la salud visual de nacionales y extranjeros.<\/p>\n<p class=\"p1\"><span class=\"s1\">Fundador del complejo m\u00e9dico FOSCAL y FOSCAL INTERNACIONAL, Instituci\u00f3n l\u00edder en servicios de salud del Oriente Colombiano.\u00a0 <\/span><span class=\"s1\">Fundador y Primer Decano, Escuela de Medicina UNAB, <\/span><span class=\"s1\">Ministro de Salud.\u00a0 <\/span><span class=\"s1\">Fundador y Director de Virgilio Galvis Centro Oftalmol\u00f3gico d\u00f3nde est\u00e1 dedicado a mejorar la salud visual de las personas con la m\u00e1s alta tecnolog\u00eda y un grupo de apoyo cient\u00edfico especializado.<\/span><\/p>\n<p>[\/vc_column_text][\/vc_column][\/vc_row][vc_row css=&#8221;.vc_custom_1575740111802{margin-top: 5px !important;margin-right: 5px !important;margin-bottom: 5px !important;margin-left: 5px !important;border-top-width: 5px !important;border-right-width: 5px !important;border-bottom-width: 5px !important;border-left-width: 5px !important;}&#8221;][vc_column][\/vc_column][\/vc_row][vc_row][vc_column][vc_video link=&#8221;https:\/\/www.youtube.com\/watch?v=1NW0g07QQvk&#8221; align=&#8221;center&#8221;][inwave_heading preview_style_1=&#8221;&#8221; title=&#8221;{Nuestra Historia}&#8221;][inwave_accordions layout=&#8221;accordion2&#8243; preview_style2=&#8221;&#8221; item_active=&#8221;-1&#8243;][inwave_accordion_item title=&#8221;1975&#8243;]<\/p>\n<p class=\"p1\" style=\"text-align: left;\"><span class=\"s1\">El Dr. Virgilio Galvis llega a Bucaramanga cargado de sue\u00f1os y como egresado de la Universidad de Antioquia, despu\u00e9s de haber reforzado sus competencias de M\u00e9dico Oftalm\u00f3logo, con cursos avanzados en Colombia y los Estados Unidos en cirug\u00eda refractiva y pl\u00e1stica ocular, y adem\u00e1s con estudios en Gerencia Hospitalaria y Auditor\u00eda en Salud. <\/span><\/p>\n<p>[\/inwave_accordion_item][inwave_accordion_item title=&#8221;1976&#8243;]<\/p>\n<p class=\"p1\" style=\"text-align: left;\"><span class=\"s1\">El Doctor Galvis empez\u00f3 a prestar sus servicios profesionales en un consultorio particular en Bucaramanga, pero decidido al logro de sus objetivos de avanzar en la b\u00fasqueda constante por realizar y liderar las m\u00e1s actualizadas y avanzadas t\u00e9cnicas oftalmol\u00f3gicas y disponer de los \u00faltimos avances tecnol\u00f3gicos en esta \u00e1rea para servir a la comunidad y de estar vinculado universitariamente como maestro en la formaci\u00f3n de m\u00e9dicos especialistas, emprendi\u00f3 un proyecto de mayor envergadura: la Fundaci\u00f3n Oftalmol\u00f3gica de Santander (FOS).<\/span><\/p>\n<p>[\/inwave_accordion_item][inwave_accordion_item title=&#8221;1979&#8243;]<\/p>\n<p class=\"p1\"><span class=\"s1\">Inicialmente la FOS funcion\u00f3 en una vieja casona en la calle 34 con carrera 28 de Bucaramanga, en donde en <i>1979<\/i> y con las restricciones tecnol\u00f3gicas de todo buen comienzo, se obtuvieron las primeras vivencias de servicio comunitario y se brind\u00f3 atenci\u00f3n oftalmol\u00f3gica durante dos a\u00f1os, gracias a la labor del recurso humano profesional y param\u00e9dico comprometido con la misi\u00f3n institucional de <i>\u2018Ayudar a que Otros Vean\u2019<\/i>.<\/span><\/p>\n<p>[\/inwave_accordion_item][inwave_accordion_item title=&#8221;1982&#8243;]<\/p>\n<p class=\"p1\"><span class=\"s1\">El <i>27 de Julio de 1982<\/i>, se inaugura el moderno edificio de 5 mil 800 metros cuadrados de la Fundaci\u00f3n Oftalmol\u00f3gica de Santander \u2013 FOS, una de las m\u00e1s modernas del pa\u00eds en su momento, en el sur del \u00e1rea metropolitana.<\/span><\/p>\n<p>[\/inwave_accordion_item][inwave_accordion_item title=&#8221;1993&#8243;]<\/p>\n<p class=\"p1\"><span class=\"s1\">Nace la Fundaci\u00f3n Oftalmol\u00f3gica de Santander\/Cl\u00ednica Ardila Lulle (FOSCAL) como uno de los complejos m\u00e9dicos integrales m\u00e1s importantes del pa\u00eds, incluyendo no solo la oftalmolog\u00eda sino todas las especialidades de la medicina. <\/span><\/p>\n<p class=\"p1\"><span class=\"s1\">El Dr. Virgilio Galvis constituy\u00f3 un centro de alta tecnolog\u00eda oftalmol\u00f3gica dentro de este complejo m\u00e9dico, ofreciendo un servicio integral en oftalmolog\u00eda con la m\u00e1s alta y avanzada tecnolog\u00eda disponible.<\/span><\/p>\n<p>[\/inwave_accordion_item][inwave_accordion_item title=&#8221;2012&#8243;]<\/p>\n<p class=\"p1\"><span class=\"s1\">El Dr. Virgilio Galvis Ram\u00edrez, fundador y gestor de la organizaci\u00f3n, pone en marcha el nuevo mega proyecto de crecimiento y expansi\u00f3n: La Cl\u00ednica Foscal Internacional, que nace como una respuesta a la necesidad de cubrir el d\u00e9ficit de atenci\u00f3n en salud que presenta la regi\u00f3n ese mismo a\u00f1o se crea el Centro Oftalmol\u00f3gico Virgilio Galvis Procurando dar una atenci\u00f3n especializada en la oftalmolog\u00eda con altos est\u00e1ndares de calidad y calidez, para lo cual buscamos siempre contar con el talento humano altamente calificado y con la \u00faltima tecnolog\u00eda al servicio de la visi\u00f3n para los pacientes y su familia.<\/span><\/p>\n<p class=\"p3\"><span class=\"s1\">La moderna edificaci\u00f3n de 140 mil metros cuadrados, cuenta con una infraestructura de alta tecnolog\u00eda que integra servicios m\u00e9dicos, hospitalarios, innovaci\u00f3n, investigaci\u00f3n cient\u00edfica y desarrollo del conocimiento, para la atenci\u00f3n de pacientes nacionales e internacionales, que requieran servicios de alta complejidad.<\/span><\/p>\n<p class=\"p3\"><span class=\"s1\">El desarrollo de la Cl\u00ednica Foscal Internacional, ubicada en el sector de El Bosque en Floridablanca, frente a la Facultad de Medicina de la Universidad Aut\u00f3noma de Bucaramanga, contempl\u00f3 amplios espacios en las \u00e1reas comunes, salas de espera, unidades especializadas, confort para los pacientes en los pisos de hospitalizaci\u00f3n, consulta externa, consulta especializada y una gran \u00e1rea quir\u00fargica con el apoyo de las modernas unidades de cuidado intensivo.<\/span><\/p>\n<p class=\"p3\"><span class=\"s1\">Desde ese mismo a\u00f1o 2012 el Centro Oftalmol\u00f3gico Virgilio Galvis abri\u00f3 adem\u00e1s sus sedes en el nuevo complejo m\u00e9dico FOSCAL INTERNACIONAL. Tanto en la sede original como en sus nuevas sedes se ha mantenido una permanente actualizaci\u00f3n tecnol\u00f3gica y ha habido una constante vinculaci\u00f3n de especialistas altamente calificados con el fin de prestar un servicio de muy alta calidad.<\/span><\/p>\n<p>[\/inwave_accordion_item][inwave_accordion_item title=&#8221;2017&#8243;]<\/p>\n<p class=\"p1\"><span class=\"s1\">Se consolida el Centro Oftalmol\u00f3gico Virgilio Galvis con la apertura de su Centro de Tecnolog\u00eda Avanzada COTA con equipos de Ultima Tecnolog\u00eda, la est\u00e9tica Facial Integral Orobela y la unidad de negocios de \u00d3pticas para dar respuesta a la necesidad de cubrir el servicio integral en salud visual de todos nuestros pacientes nacionales y extranjeros.<\/span><\/p>\n<p>[\/inwave_accordion_item][inwave_accordion_item title=&#8221;2019&#8243;]<\/p>\n<p class=\"p1\"><span class=\"s1\">El 15 de diciembre de 2019 se abre en Santander las tiendas Vioptica, una solucion integral para las personas que necesitan gafas y lentes, Vioptica nace como una iniciativa entre el Centro Oftamologico Virgilio Galvis y la Fundaci\u00f3n Oftalmol\u00f3gica de Santander para llegar a todas las familias Santandereanas.<\/span><\/p>\n<p>Se realiza apertura y reinauguraci\u00f3n de Centro Comercial el Cacique, Barrancabermeja, San Gil, Piedecuesta y pr\u00f3ximamente Gir\u00f3n y Bucaramanga.[\/inwave_accordion_item][inwave_accordion_item title=&#8221;2020&#8243;]<\/p>\n<p class=\"p1\"><span class=\"s1\">Se celebran los 14 a\u00f1os del Curso Internacional de Oftalmolog\u00eda FOSCAL liderada por el Dr Virgilio Galvis y nuestro Director Cient\u00edfico el Dr Alejandro Tello Hern\u00e1ndez acompa\u00f1ado por el Dr Rub\u00e9n Berrospi Director M\u00e9dico de la Instituci\u00f3n.<br \/>\n<\/span><\/p>\n<p class=\"p1\"><span class=\"s1\">Ante el inicio de la pandemia que cambio el rumbo de nuestra historia, se implementaron rigurosos protocolos de bioseguridad, para la tranquilidad de nuestros pacientes.<\/span><\/p>\n<p>[\/inwave_accordion_item][inwave_accordion_item title=&#8221;2021&#8243;]<\/p>\n<p class=\"p1\"><span class=\"s1\">Comienza el programa &#8221; Ayudemos a que otros Vean &#8221; un programa dise\u00f1ado para poblaci\u00f3n vulnerable, acompa\u00f1ado del equipo m\u00e9dico y asistencial por las rutas de Santander.<\/span><\/p>\n<p class=\"p1\"><span class=\"s1\">Brindado el servicio de optometr\u00eda y tamizaje de oftalmolog\u00eda, para todas las provincias de Santander.[\/inwave_accordion_item][inwave_accordion_item title=&#8221;2022&#8243;]Acompa\u00f1ado de su equipo m\u00e9dico, administrativo y asistencial, realiza una transformaci\u00f3n tecnol\u00f3gica en todas sus sedes, realizando una modernizaci\u00f3n e inclusi\u00f3n de su sede COS San Gil.<\/span><\/p>\n<p>Se realiza la construcci\u00f3n de la sede 5 ubicada en el piso 9 de la Cl\u00ednica FOSCAL Internacional para atenci\u00f3n de pacientes de las diversas especialidades como son: Glaucoma, Retina, Vitreo, Uve\u00edtis y Neurooftalmolog\u00eda con diversos consultorios con la comodidad, tecnolog\u00eda y calidez que nos caracteriza.[\/inwave_accordion_item][\/inwave_accordions][\/vc_column][\/vc_row][vc_row][vc_column][vc_column_text]<\/p>\n<p>[\/vc_column_text][\/vc_column][\/vc_row]<\/p>\n","protected":false},"excerpt":{"rendered":"<p>[vc_row equal_height=&#8221;yes&#8221; iw_layout=&#8221;wide-bg&#8221; css=&#8221;.vc_custom_1591915734305{margin-top: 5px !important;margin-right: 5px !important;margin-bottom: 5px !important;margin-left: 5px !important;}&#8221;][vc_column width=&#8221;1\/2&#8243;][vc_single_image image=&#8221;3083&#8243; img_size=&#8221;500X700&#8243; alignment=&#8221;center&#8221;][\/vc_column][vc_column width=&#8221;1\/2&#8243;][inwave_heading preview_style_1=&#8221;&#8221; title=&#8221;{Fundador y director}\/\/\/{MD. Virgilio Galvis PhD.}&#8221; css=&#8221;.vc_custom_1575739918009{margin-top: 5px !important;margin-right: 5px !important;margin-bottom: 5px !important;margin-left: 5px !important;border-top-width: 5px !important;border-right-width: 5px !important;border-bottom-width: 5px !important;border-left-width: 5px !important;}&#8221;][vc_empty_space][vc_column_text css=&#8221;.vc_custom_1644958196146{margin-top: 5px !important;margin-right: 5px !important;margin-bottom: 5px !important;margin-left: 5px !important;border-top-width: 5px !important;border-right-width: 5px !important;border-bottom-width: 5px&#8230;<\/p>\n","protected":false},"author":2,"featured_media":0,"parent":0,"menu_order":0,"comment_status":"closed","ping_status":"closed","template":"","meta":{"_acf_changed":false,"inline_featured_image":false,"footnotes":""},"class_list":["post-2481","page","type-page","status-publish","hentry"],"acf":[],"_links":{"self":[{"href":"https:\/\/virgiliogalvis.com\/en\/wp-json\/wp\/v2\/pages\/2481","targetHints":{"allow":["GET"]}}],"collection":[{"href":"https:\/\/virgiliogalvis.com\/en\/wp-json\/wp\/v2\/pages"}],"about":[{"href":"https:\/\/virgiliogalvis.com\/en\/wp-json\/wp\/v2\/types\/page"}],"author":[{"embeddable":true,"href":"https:\/\/virgiliogalvis.com\/en\/wp-json\/wp\/v2\/users\/2"}],"replies":[{"embeddable":true,"href":"https:\/\/virgiliogalvis.com\/en\/wp-json\/wp\/v2\/comments?post=2481"}],"version-history":[{"count":0,"href":"https:\/\/virgiliogalvis.com\/en\/wp-json\/wp\/v2\/pages\/2481\/revisions"}],"wp:attachment":[{"href":"https:\/\/virgiliogalvis.com\/en\/wp-json\/wp\/v2\/media?parent=2481"}],"curies":[{"name":"wp","href":"https:\/\/api.w.org\/{rel}","templated":true}]}}